{"id":191,"date":"2020-09-07T14:03:05","date_gmt":"2020-09-07T12:03:05","guid":{"rendered":"https:\/\/zadducarnet.org\/?page_id=191"},"modified":"2023-04-24T09:26:58","modified_gmt":"2023-04-24T07:26:58","slug":"accueil","status":"publish","type":"page","link":"https:\/\/zadducarnet.org\/","title":{"rendered":""},"content":{"rendered":"\n<section class=\"wp-block-uagb-columns uagb-columns__wrap uagb-columns__background-none uagb-columns__stack-mobile uagb-columns__valign- uagb-columns__gap-5 align uagb-block-caf6d0f8 uagb-columns__columns-1 uagb-columns__max_width-theme\"><div class=\"uagb-columns__overlay\"><\/div><div class=\"uagb-columns__inner-wrap uagb-columns__columns-1\">\n<div class=\"wp-block-uagb-column uagb-column__wrap uagb-column__background-undefined uagb-block-f1b7f12f\"><div class=\"uagb-column__overlay\"><\/div>\n<p class=\"has-text-align-left has-red-color has-text-color\" style=\"font-size:44px\"><strong>Le projet industriel du Carnet est abandonn\u00e9, on a gagn\u00e9!<\/strong><\/p>\n<\/div>\n<\/div><\/section>\n\n\n\n<div style=\"height:20px\" aria-hidden=\"true\" class=\"wp-block-spacer\"><\/div>\n\n\n\n<p class=\"has-medium-font-size\">Mais si un jour un nouveau projet y voit le jour, comme en 97 contre la centrale nucl\u00e9aire, et comme contre le parc \u00e9co-technologique, on sera l\u00e0, plus nombreux\u00b7ses encore, libres et sauvages comme l&rsquo;\u00eele !<\/p>\n\n\n\n<hr class=\"wp-block-separator has-css-opacity\"\/>\n\n\n\n<h2 class=\"wp-block-heading\"><strong>Fil d&rsquo;info<\/strong><\/h2>\n\n\n\n\t\t\t<div class=\"wp-block-uagb-post-masonry uagb-post-grid  uagb-post__image-position-top uagb-post__image-enabled uagb-block-7ff0a4e4     uagb-post__items uagb-post__columns-2 is-masonry uagb-post__columns-tablet-2 uagb-post__columns-mobile-1\" data-total=\"27\" style=\"\">\n\n\t\t\t\t\t\t\t\t\t\t\t\t<article class=\"uagb-post__inner-wrap\">\t\t\t\t\t\t\t\t<div class='uagb-post__image'>\n\t\t\t\t\t\t\t\t\t<a href=\"https:\/\/zadducarnet.org\/index.php\/2023\/04\/26\/pas-de-projet-au-carnet-encore-une-victoire-des-zadistes\/\" target=\"_self\" rel=\"bookmark noopener noreferrer\"><img loading=\"lazy\" decoding=\"async\" width=\"604\" height=\"340\" src=\"https:\/\/zadducarnet.org\/wp-content\/uploads\/2023\/05\/signal-2023-04-20-190910_002.png\" class=\"attachment-large size-large\" alt=\"\" srcset=\"https:\/\/zadducarnet.org\/wp-content\/uploads\/2023\/05\/signal-2023-04-20-190910_002.png 800w, https:\/\/zadducarnet.org\/wp-content\/uploads\/2023\/05\/signal-2023-04-20-190910_002-300x169.png 300w, https:\/\/zadducarnet.org\/wp-content\/uploads\/2023\/05\/signal-2023-04-20-190910_002-768x432.png 768w\" sizes=\"auto, (max-width: 604px) 100vw, 604px\" \/>\t\t\t\t\t<\/a>\n\t\t\t\t\t\t\t\t\t<\/div>\n\t\t\t\t\t\t<h4 class=\"uagb-post__title uagb-post__text\">\n\t\t\t\t<a href=\"https:\/\/zadducarnet.org\/index.php\/2023\/04\/26\/pas-de-projet-au-carnet-encore-une-victoire-des-zadistes\/\" target=\"_self\" rel=\"bookmark noopener noreferrer\">Pas de projet au Carnet, encore une victoire des zadistes !<\/a>\n\t\t\t<\/h4>\n\t\t\t\t\t\t<div class='uagb-post__text uagb-post-grid-byline'>\n\t\t\t\t\t\t\t\t<time datetime=\"2023-04-26T11:14:04+02:00\" class=\"uagb-post__date\">\n\t\t\t\t<span class=\"dashicons-calendar dashicons\"><\/span>\t\t\t\t\t26 avril 2023\t\t\t\t<\/time>\n\t\t\t\t\t\t\t<span class=\"uagb-post__comment\">\n\t\t\t\t<span class=\"dashicons-admin-comments dashicons\"><\/span>\t\t\t\t\tAucun commentaire\t\t\t\t<\/span>\n\t\t\t\t\t\t<\/div>\n\t\t\t\t\t\t\t<div class='uagb-post__text uagb-post__excerpt'>\n\t\t\t\t\t<p>La ZAD du carnet c&rsquo;\u00e9tait une occupation de 7 mois \u00e0 l&rsquo;automne &#8211; hiver 2020-2021&#8230;\t\t\t\t<\/div>\n\t\t\t\t\t\t<div class=\"uagb-post__text uagb-post__cta wp-block-button\">\n\t\t\t\t<a class=\"wp-block-button__link uagb-text-link\" style=\"\" href=\"https:\/\/zadducarnet.org\/index.php\/2023\/04\/26\/pas-de-projet-au-carnet-encore-une-victoire-des-zadistes\/\" target=\"_self\" rel=\"bookmark noopener noreferrer\">Lire la suite<\/a>\n\t\t\t<\/div>\n\t\t\t\n\t\t\t\t\t\t\t\t\t<\/article>\n\t\t\t\t\t\t\t\t\t\t\t\t\t\t\t\t<article class=\"uagb-post__inner-wrap\">\t\t\t\t\t\t\t\t<h4 class=\"uagb-post__title uagb-post__text\">\n\t\t\t\t<a href=\"https:\/\/zadducarnet.org\/index.php\/2023\/04\/24\/pas-de-titre\/\" target=\"_self\" rel=\"bookmark noopener noreferrer\">Pas de titre<\/a>\n\t\t\t<\/h4>\n\t\t\t\t\t\t<div class='uagb-post__text uagb-post-grid-byline'>\n\t\t\t\t\t\t\t\t<time datetime=\"2023-04-24T09:10:10+02:00\" class=\"uagb-post__date\">\n\t\t\t\t<span class=\"dashicons-calendar dashicons\"><\/span>\t\t\t\t\t24 avril 2023\t\t\t\t<\/time>\n\t\t\t\t\t\t\t<span class=\"uagb-post__comment\">\n\t\t\t\t<span class=\"dashicons-admin-comments dashicons\"><\/span>\t\t\t\t\tAucun commentaire\t\t\t\t<\/span>\n\t\t\t\t\t\t<\/div>\n\t\t\t\t\t\t\t<div class='uagb-post__text uagb-post__excerpt'>\n\t\t\t\t\t<p>V\u2019l\u00e0 plus de 2 ans qu\u2019on s\u2019est fait tej&nbsp;V\u2019l\u00e0 que la nouvelle est tomb\u00e9e&nbsp;S\u00e9rieux, on&#8230;\t\t\t\t<\/div>\n\t\t\t\t\t\t<div class=\"uagb-post__text uagb-post__cta wp-block-button\">\n\t\t\t\t<a class=\"wp-block-button__link uagb-text-link\" style=\"\" href=\"https:\/\/zadducarnet.org\/index.php\/2023\/04\/24\/pas-de-titre\/\" target=\"_self\" rel=\"bookmark noopener noreferrer\">Lire la suite<\/a>\n\t\t\t<\/div>\n\t\t\t\n\t\t\t\t\t\t\t\t\t<\/article>\n\t\t\t\t\t\t\t\t\t\t\t\t\t\t\t\t<article class=\"uagb-post__inner-wrap\">\t\t\t\t\t\t\t\t<h4 class=\"uagb-post__title uagb-post__text\">\n\t\t\t\t<a href=\"https:\/\/zadducarnet.org\/index.php\/2023\/04\/24\/en-marge-dans-les-marecages\/\" target=\"_self\" rel=\"bookmark noopener noreferrer\">en marge dans les mar\u00e9cages<\/a>\n\t\t\t<\/h4>\n\t\t\t\t\t\t<div class='uagb-post__text uagb-post-grid-byline'>\n\t\t\t\t\t\t\t\t<time datetime=\"2023-04-24T08:58:41+02:00\" class=\"uagb-post__date\">\n\t\t\t\t<span class=\"dashicons-calendar dashicons\"><\/span>\t\t\t\t\t24 avril 2023\t\t\t\t<\/time>\n\t\t\t\t\t\t\t<span class=\"uagb-post__comment\">\n\t\t\t\t<span class=\"dashicons-admin-comments dashicons\"><\/span>\t\t\t\t\tAucun commentaire\t\t\t\t<\/span>\n\t\t\t\t\t\t<\/div>\n\t\t\t\t\t\t\t<div class='uagb-post__text uagb-post__excerpt'>\n\t\t\t\t\t<p>Nous sommes tous.tes des enfants du carnet.\u00a0Je suis le b\u00e9b\u00e9 qui d\u00e9couvre un nouveau monde,\u00a0un&#8230;\t\t\t\t<\/div>\n\t\t\t\t\t\t<div class=\"uagb-post__text uagb-post__cta wp-block-button\">\n\t\t\t\t<a class=\"wp-block-button__link uagb-text-link\" style=\"\" href=\"https:\/\/zadducarnet.org\/index.php\/2023\/04\/24\/en-marge-dans-les-marecages\/\" target=\"_self\" rel=\"bookmark noopener noreferrer\">Lire la suite<\/a>\n\t\t\t<\/div>\n\t\t\t\n\t\t\t\t\t\t\t\t\t<\/article>\n\t\t\t\t\t\t\t\t\t\t\t\t\t\t\t\t<article class=\"uagb-post__inner-wrap\">\t\t\t\t\t\t\t\t<h4 class=\"uagb-post__title uagb-post__text\">\n\t\t\t\t<a href=\"https:\/\/zadducarnet.org\/index.php\/2023\/04\/24\/alors-comme-ca-on-a-gagne\/\" target=\"_self\" rel=\"bookmark noopener noreferrer\">Alors comme ca on a gagn\u00e9 ?<\/a>\n\t\t\t<\/h4>\n\t\t\t\t\t\t<div class='uagb-post__text uagb-post-grid-byline'>\n\t\t\t\t\t\t\t\t<time datetime=\"2023-04-24T08:50:03+02:00\" class=\"uagb-post__date\">\n\t\t\t\t<span class=\"dashicons-calendar dashicons\"><\/span>\t\t\t\t\t24 avril 2023\t\t\t\t<\/time>\n\t\t\t\t\t\t\t<span class=\"uagb-post__comment\">\n\t\t\t\t<span class=\"dashicons-admin-comments dashicons\"><\/span>\t\t\t\t\tAucun commentaire\t\t\t\t<\/span>\n\t\t\t\t\t\t<\/div>\n\t\t\t\t\t\t\t<div class='uagb-post__text uagb-post__excerpt'>\n\t\t\t\t\t<p>Les quelques lignes de l&rsquo;articles de Reporterre semblent dures a croire tant les derniers moments&#8230;\t\t\t\t<\/div>\n\t\t\t\t\t\t<div class=\"uagb-post__text uagb-post__cta wp-block-button\">\n\t\t\t\t<a class=\"wp-block-button__link uagb-text-link\" style=\"\" href=\"https:\/\/zadducarnet.org\/index.php\/2023\/04\/24\/alors-comme-ca-on-a-gagne\/\" target=\"_self\" rel=\"bookmark noopener noreferrer\">Lire la suite<\/a>\n\t\t\t<\/div>\n\t\t\t\n\t\t\t\t\t\t\t\t\t<\/article>\n\t\t\t\t\t\t\t\t\t\t\t\t\t\t\t\t<article class=\"uagb-post__inner-wrap\">\t\t\t\t\t\t\t\t<h4 class=\"uagb-post__title uagb-post__text\">\n\t\t\t\t<a href=\"https:\/\/zadducarnet.org\/index.php\/2023\/04\/23\/quoi-dneuf-au-carnet\/\" target=\"_self\" rel=\"bookmark noopener noreferrer\">Quoi d&rsquo;neuf au Carnet ?<\/a>\n\t\t\t<\/h4>\n\t\t\t\t\t\t<div class='uagb-post__text uagb-post-grid-byline'>\n\t\t\t\t\t\t\t\t<time datetime=\"2023-04-23T09:19:29+02:00\" class=\"uagb-post__date\">\n\t\t\t\t<span class=\"dashicons-calendar dashicons\"><\/span>\t\t\t\t\t23 avril 2023\t\t\t\t<\/time>\n\t\t\t\t\t\t\t<span class=\"uagb-post__comment\">\n\t\t\t\t<span class=\"dashicons-admin-comments dashicons\"><\/span>\t\t\t\t\tAucun commentaire\t\t\t\t<\/span>\n\t\t\t\t\t\t<\/div>\n\t\t\t\t\t\t\t<div class='uagb-post__text uagb-post__excerpt'>\n\t\t\t\t\t<p>Pour rappel l&rsquo;occupation de l&rsquo;Ile du Carnet qui a commenc\u00e9 fin ao\u00fbt 2020 avec un&#8230;\t\t\t\t<\/div>\n\t\t\t\t\t\t<div class=\"uagb-post__text uagb-post__cta wp-block-button\">\n\t\t\t\t<a class=\"wp-block-button__link uagb-text-link\" style=\"\" href=\"https:\/\/zadducarnet.org\/index.php\/2023\/04\/23\/quoi-dneuf-au-carnet\/\" target=\"_self\" rel=\"bookmark noopener noreferrer\">Lire la suite<\/a>\n\t\t\t<\/div>\n\t\t\t\n\t\t\t\t\t\t\t\t\t<\/article>\n\t\t\t\t\t\t\t\t\t\t\t\t\t\t\t\t<article class=\"uagb-post__inner-wrap\">\t\t\t\t\t\t\t\t<div class='uagb-post__image'>\n\t\t\t\t\t\t\t\t\t<a href=\"https:\/\/zadducarnet.org\/index.php\/2021\/11\/28\/communique-de-la-zap-zone-a-patates-de-pertuis-84\/\" target=\"_self\" rel=\"bookmark noopener noreferrer\"><img loading=\"lazy\" decoding=\"async\" width=\"604\" height=\"340\" src=\"https:\/\/zadducarnet.org\/wp-content\/uploads\/2021\/11\/zap-pertuis.jpg\" class=\"attachment-large size-large\" alt=\"\" srcset=\"https:\/\/zadducarnet.org\/wp-content\/uploads\/2021\/11\/zap-pertuis.jpg 700w, https:\/\/zadducarnet.org\/wp-content\/uploads\/2021\/11\/zap-pertuis-300x169.jpg 300w\" sizes=\"auto, (max-width: 604px) 100vw, 604px\" \/>\t\t\t\t\t<\/a>\n\t\t\t\t\t\t\t\t\t<\/div>\n\t\t\t\t\t\t<h4 class=\"uagb-post__title uagb-post__text\">\n\t\t\t\t<a href=\"https:\/\/zadducarnet.org\/index.php\/2021\/11\/28\/communique-de-la-zap-zone-a-patates-de-pertuis-84\/\" target=\"_self\" rel=\"bookmark noopener noreferrer\">Communiqu\u00e9 de la ZAP (Zone \u00e0 patates) de Pertuis (84)<\/a>\n\t\t\t<\/h4>\n\t\t\t\t\t\t<div class='uagb-post__text uagb-post-grid-byline'>\n\t\t\t\t\t\t\t\t<time datetime=\"2021-11-28T19:30:07+01:00\" class=\"uagb-post__date\">\n\t\t\t\t<span class=\"dashicons-calendar dashicons\"><\/span>\t\t\t\t\t28 novembre 2021\t\t\t\t<\/time>\n\t\t\t\t\t\t\t<span class=\"uagb-post__comment\">\n\t\t\t\t<span class=\"dashicons-admin-comments dashicons\"><\/span>\t\t\t\t\tAucun commentaire\t\t\t\t<\/span>\n\t\t\t\t\t\t<\/div>\n\t\t\t\t\t\t\t<div class='uagb-post__text uagb-post__excerpt'>\n\t\t\t\t\t<p>L\u2019extension de la Zone d\u2019activit\u00e9 commerciale de Pertuis (84) menace les terres agricoles avoisinantes, ainsi&#8230;\t\t\t\t<\/div>\n\t\t\t\t\t\t<div class=\"uagb-post__text uagb-post__cta wp-block-button\">\n\t\t\t\t<a class=\"wp-block-button__link uagb-text-link\" style=\"\" href=\"https:\/\/zadducarnet.org\/index.php\/2021\/11\/28\/communique-de-la-zap-zone-a-patates-de-pertuis-84\/\" target=\"_self\" rel=\"bookmark noopener noreferrer\">Lire la suite<\/a>\n\t\t\t<\/div>\n\t\t\t\n\t\t\t\t\t\t\t\t\t<\/article>\n\t\t\t\t\t\t\t\t\t\t\t<\/div>\n\t\t\t\n\n\n<div class=\"wp-block-uagb-buttons uagb-buttons__outer-wrap uagb-btn__default-btn uagb-btn-tablet__default-btn uagb-btn-mobile__default-btn uagb-block-578b62cd\"><div class=\"uagb-buttons__wrap uagb-buttons-layout-wrap\">\n<div class=\"wp-block-uagb-buttons-child uagb-buttons__outer-wrap uagb-block-445b8a5b wp-block-button is-style-outline\"><div class=\"uagb-button__wrapper\"><a class=\"uagb-buttons-repeater wp-block-button__link has-text-color\" href=\"https:\/\/zadducarnet.org\/index.php\/accueil\/nouvelles-du-carnet\/\" onclick=\"return true;\" rel=\"follow noopener\" target=\"_self\"><div class=\"uagb-button__link\">Plus d&rsquo;articles<\/div><\/a><\/div><\/div>\n<\/div><\/div>\n\n\n\n<p><br><br><\/p>\n\n\n\n<h2 class=\"wp-block-heading\">     <a href=\"https:\/\/zadducarnet.org\/index.php\/2021\/04\/07\/la-zad-du-carnet-est-toujours-la\/\" data-type=\"post\" data-id=\"2408\">L&rsquo;occupation de la Zad du Carnet a \u00e9t\u00e9 expuls\u00e9e ce mardi 23 mars<\/a><\/h2>\n\n\n\n<div style=\"height:26px\" aria-hidden=\"true\" class=\"wp-block-spacer\"><\/div>\n\n\n\n<h2 class=\"wp-block-heading\">Informations g\u00e9n\u00e9rales<\/h2>\n\n\n\n<ul class=\"wp-block-list\">\n<li><strong>Pourquoi nous d\u00e9fendons l\u2019\u00eele du Carnet : <\/strong><a href=\"https:\/\/zadducarnet.org\/index.php\/2021\/01\/27\/nouvelle-brochure-sur-le-projet-industriel-du-carnet\/\">vous pouvez lire une brochure r\u00e9capitulant nos arguments<\/a> contre le projet du Carnet ainsi que d\u2019autres articles publi\u00e9s sur notre site Internet.<\/li>\n<\/ul>\n\n\n\n<div style=\"height:40px\" aria-hidden=\"true\" class=\"wp-block-spacer\"><\/div>\n\n\n\n<h2 class=\"wp-block-heading\">L\u2019\u00eele du Carnet contre l\u2019industrialisation massive<\/h2>\n\n\n\n<div class=\"wp-block-columns is-layout-flex wp-container-core-columns-is-layout-9d6595d7 wp-block-columns-is-layout-flex\">\n<div class=\"wp-block-column is-layout-flow wp-block-column-is-layout-flow\">\n<figure class=\"wp-block-image size-large\"><img loading=\"lazy\" decoding=\"async\" width=\"724\" height=\"1024\" src=\"https:\/\/zadducarnet.org\/wp-content\/uploads\/2020\/10\/signal-2020-09-21-104415-724x1024.png\" alt=\"Affiche de soutien \u00e0 la ZAD du Carnet\" class=\"wp-image-608\" srcset=\"https:\/\/zadducarnet.org\/wp-content\/uploads\/2020\/10\/signal-2020-09-21-104415-724x1024.png 724w, https:\/\/zadducarnet.org\/wp-content\/uploads\/2020\/10\/signal-2020-09-21-104415-212x300.png 212w, https:\/\/zadducarnet.org\/wp-content\/uploads\/2020\/10\/signal-2020-09-21-104415-768x1086.png 768w, https:\/\/zadducarnet.org\/wp-content\/uploads\/2020\/10\/signal-2020-09-21-104415-1086x1536.png 1086w, https:\/\/zadducarnet.org\/wp-content\/uploads\/2020\/10\/signal-2020-09-21-104415-1448x2048.png 1448w, https:\/\/zadducarnet.org\/wp-content\/uploads\/2020\/10\/signal-2020-09-21-104415.png 1587w\" sizes=\"auto, (max-width: 724px) 100vw, 724px\" \/><\/figure>\n<\/div>\n\n\n\n<div class=\"wp-block-column is-layout-flow wp-block-column-is-layout-flow\">\n<p><strong>La ZAD du Carnet s\u2019est implant\u00e9e le 31 ao\u00fbt 2020 \u00e0 l\u2019entr\u00e9e de l\u2019\u00eele du Carnet pour stopper un projet <strong>zone industrielle de 110 hectares<\/strong><\/strong>, <strong>extension du Grand Port Maritime de Nantes\/Saint-Nazaire. <\/strong><\/p>\n\n\n\n<p>Il s\u2019agit d&rsquo;un lieu de r\u00e9sistance, de r\u00e9silience et d\u2019accueil pour toutes les personnes qui souhaitent la rejoindre !&nbsp;<\/p>\n\n\n\n<p>Afin de d\u2019emp\u00eacher la reprise des travaux pouvant arriver \u00e0 tout moment, nous recherchons un certain nombre de choses, notamment\u202f:<\/p>\n\n\n\n<ul class=\"wp-block-list\">\n<li>du mat\u00e9riel<\/li>\n\n\n\n<li>des navettes r\u00e9guli\u00e8res avec les grandes villes<\/li>\n\n\n\n<li>organiser les dons et soutien locaux<\/li>\n<\/ul>\n\n\n\n<p><a href=\"https:\/\/zadducarnet.org\/index.php\/soutenir-la-lutte\/nous-soutenir-directement\/\" data-type=\"URL\" data-id=\"https:\/\/zadducarnet.org\/index.php\/soutenir-la-lutte\/nous-soutenir-directement\/\">Toutes les infos pour nous soutenir&#8230;<\/a><\/p>\n<\/div>\n<\/div>\n\n\n\n<hr class=\"wp-block-separator has-css-opacity\"\/>\n\n\n\n<div class=\"wp-block-columns are-vertically-aligned-center is-layout-flex wp-container-core-columns-is-layout-9d6595d7 wp-block-columns-is-layout-flex\">\n<div class=\"wp-block-column is-vertically-aligned-center is-layout-flow wp-block-column-is-layout-flow\">\n<p>Vous pouvez \u00e9galement faire un don pour soutenir la lutte&#8230;<\/p>\n<\/div>\n\n\n\n<div class=\"wp-block-column is-vertically-aligned-center is-layout-flow wp-block-column-is-layout-flow\">\n<div class=\"wp-block-buttons is-layout-flex wp-block-buttons-is-layout-flex\">\n<div class=\"wp-block-button is-style-fill\"><a class=\"wp-block-button__link wp-element-button\" href=\"https:\/\/www.cotizup.com\/zadducarnet\" target=\"_blank\" rel=\"noreferrer noopener\">Participer \u00e0 la caisse de soutien<\/a><\/div>\n<\/div>\n<\/div>\n<\/div>\n\n\n\n<p>Le site zadducarnet.org est un m\u00e9dia d\u2019expression \u00e0 disponibilit\u00e9 de toute personne ou groupe de personnes qui vivent sur la ZAD\u202f: chaque habitant\u00b7e peut \u00e9crire un texte et le proposer. Les publications tendent \u00e0 refl\u00e9ter la diversit\u00e9 des points de vue de la ZAD. Elles ne peuvent pas \u00eatre consid\u00e9r\u00e9es comme l\u2019expression officielle de la ZAD.<\/p>\n\n\n\n<hr class=\"wp-block-separator has-css-opacity\"\/>\n\n\n\n<div class=\"wp-block-columns is-layout-flex wp-container-core-columns-is-layout-9d6595d7 wp-block-columns-is-layout-flex\">\n<div class=\"wp-block-column is-vertically-aligned-top is-layout-flow wp-block-column-is-layout-flow\" style=\"flex-basis:100%\">\n<div class=\"wp-block-group\"><div class=\"wp-block-group__inner-container is-layout-flow wp-block-group-is-layout-flow\">\n<div class=\"wp-block-columns is-layout-flex wp-container-core-columns-is-layout-9d6595d7 wp-block-columns-is-layout-flex\">\n<div class=\"wp-block-column is-layout-flow wp-block-column-is-layout-flow\" style=\"flex-basis:100%\"><\/div>\n<\/div>\n<\/div><\/div>\n<\/div>\n<\/div>\n\n\n\n<p><\/p>\n","protected":false},"excerpt":{"rendered":"<p>Le projet industriel du Carnet est abandonn\u00e9, on a gagn\u00e9! Mais si un jour un nouveau projet y voit le jour, comme en 97 contre la centrale nucl\u00e9aire, et comme contre le parc \u00e9co-technologique, on sera l\u00e0, plus nombreux\u00b7ses encore, libres et sauvages comme l&rsquo;\u00eele ! Fil d&rsquo;info L&rsquo;occupation de la Zad du Carnet a &hellip; <a href=\"https:\/\/zadducarnet.org\/\" class=\"more-link\">Continuer la lecture de <span class=\"screen-reader-text\"><\/span> <span class=\"meta-nav\">&rarr;<\/span><\/a><\/p>\n","protected":false},"author":1,"featured_media":0,"parent":0,"menu_order":0,"comment_status":"closed","ping_status":"closed","template":"","meta":{"_uag_custom_page_level_css":"","_mc_calendar":[],"footnotes":""},"class_list":["post-191","page","type-page","status-publish","hentry"],"uagb_featured_image_src":{"full":false,"thumbnail":false,"medium":false,"medium_large":false,"large":false,"1536x1536":false,"2048x2048":false,"post-thumbnail":false},"uagb_author_info":{"display_name":"zadducarnet","author_link":"https:\/\/zadducarnet.org\/index.php\/author\/admin8203\/"},"uagb_comment_info":0,"uagb_excerpt":"Le projet industriel du Carnet est abandonn\u00e9, on a gagn\u00e9! Mais si un jour un nouveau projet y voit le jour, comme en 97 contre la centrale nucl\u00e9aire, et comme contre le parc \u00e9co-technologique, on sera l\u00e0, plus nombreux\u00b7ses encore, libres et sauvages comme l&rsquo;\u00eele ! Fil d&rsquo;info L&rsquo;occupation de la Zad du Carnet a\u2026","_links":{"self":[{"href":"https:\/\/zadducarnet.org\/index.php\/wp-json\/wp\/v2\/pages\/191","targetHints":{"allow":["GET"]}}],"collection":[{"href":"https:\/\/zadducarnet.org\/index.php\/wp-json\/wp\/v2\/pages"}],"about":[{"href":"https:\/\/zadducarnet.org\/index.php\/wp-json\/wp\/v2\/types\/page"}],"author":[{"embeddable":true,"href":"https:\/\/zadducarnet.org\/index.php\/wp-json\/wp\/v2\/users\/1"}],"replies":[{"embeddable":true,"href":"https:\/\/zadducarnet.org\/index.php\/wp-json\/wp\/v2\/comments?post=191"}],"version-history":[{"count":183,"href":"https:\/\/zadducarnet.org\/index.php\/wp-json\/wp\/v2\/pages\/191\/revisions"}],"predecessor-version":[{"id":2852,"href":"https:\/\/zadducarnet.org\/index.php\/wp-json\/wp\/v2\/pages\/191\/revisions\/2852"}],"wp:attachment":[{"href":"https:\/\/zadducarnet.org\/index.php\/wp-json\/wp\/v2\/media?parent=191"}],"curies":[{"name":"wp","href":"https:\/\/api.w.org\/{rel}","templated":true}]}}