{"id":1605,"date":"2021-01-12T18:58:31","date_gmt":"2021-01-12T17:58:31","guid":{"rendered":"https:\/\/zadducarnet.org\/index.php\/lile-du-carnet-contre-lindustrialisation-massive-espanol\/"},"modified":"2021-01-14T16:27:23","modified_gmt":"2021-01-14T15:27:23","slug":"lile-du-carnet-contre-lindustrialisation-massive-espanol","status":"publish","type":"page","link":"https:\/\/zadducarnet.org\/index.php\/es\/lile-du-carnet-contre-lindustrialisation-massive-espanol\/","title":{"rendered":"La isla del Carnet contra la industrializaci\u00f3n masiva"},"content":{"rendered":"\n<p><strong>La Zad del Carnet se implant\u00f3 el 31 de agosto de 2020 en la entrada a la isla del Carnet para parar un proyecto de zona industrial de 110 hect\u00e1reas, extensi\u00f3n del Gran Puerto Mar\u00edtimo de Nantes\/Saint-Nazaire.<\/strong><\/p>\n\n\n\n<p>Se trata de un lugar de resistencia, de aguante y de acogida y bienvenida para todas las personas que deseen unirse&nbsp;!<\/p>\n\n\n\n<p>A fin de impedir la reanudaci\u00f3n de los trabajos que puede llegar en cualquier momento, buscamos un cierto n\u00famero de cosas, especialmente:<\/p>\n\n\n\n<ul class=\"wp-block-list\"><li>material<\/li><li>trayectos que hagan la ruta frecuentemente a las grandes ciudades<\/li><li>organizar las donaciones y el apoyo local<\/li><\/ul>\n\n\n\n<p><strong>Todas la informaci\u00f3n<\/strong> : <a href=\"https:\/\/zadducarnet.org\/index.php\/2020\/09\/17\/appel-a-soutien-materiel-17-sept\/\"><u>Llamada de apoyo del 17 de septiembre<\/u><\/a><\/p>\n\n\n\n<p>Pod\u00e9is tambi\u00e9n hacer una donaci\u00f3n para apoyar la lucha \u2026<\/p>\n\n\n\n<p><a href=\"https:\/\/www.cotizup.com\/zadducarnet\" target=\"_blank\" rel=\"noreferrer noopener\"><u>Participar al fondo de apoyo<\/u><\/a><\/p>\n\n\n\n<p>La web zadducarnet.org es un medio de expresi\u00f3n a disponibilidad de toda persona o grupo de personas que vivan en la ZAD&nbsp;: cada habitante puede escribir un texto y proponerlo. Las publicaciones tienden a reflejar la divesidad de puntos de vista de la ZAD, pero no pueden ser consideradas como la expresi\u00f3n oficial de la ZAD.<\/p>\n\n\n\n<h3 class=\"wp-block-heading\">Mail y redes sociales<\/h3>\n\n\n\n<p>Facebook\u202f: <a href=\"https:\/\/www.facebook.com\/pages\/Zad-du-Carnet\/109363617559849\">ZAD du Carnet<\/a><br>Twitter\u202f: <a href=\"https:\/\/twitter.com\/ZAD_du_carnet\">@ZAD_du_Carnet<\/a><br>Mastodon\u202f: <a href=\"https:\/\/marmot.fr\/@zadducarnet\">@zadducarnet<\/a><br>mail\u202f: zadducarnet@riseup.net<br>PGP\u202f: 2609 10BB 64F0 B59B 9ED3 03FD E46D FF9B A979 170F<\/p>\n\n\n\n<p><strong>Recibir la informaci\u00f3n por mail<\/strong> <a href=\"https:\/\/lists.riseup.net\/www\/subscribe\/info-zadcarnet\">https:\/\/lists.riseup.net\/www\/subscribe\/info-zadcarnet<\/a><\/p>\n\n\n\n<p><strong>Recibir la informaci\u00f3n urgente por mensage<\/strong><br>enviar \u00ab\u202fhello\u202f\u00bb al n\u00famero desde Signal:<br>+ 1 25 12 92 15 43<br><em>Signal es una aplicaci\u00f3n de mensajer\u00eda segura y gratuita. Para descargarla, <\/em><em><a href=\"https:\/\/www.signal.org\/fr\/download\/\"><u>aqu\u00ed.<\/u><\/a><\/em><\/p>\n\n\n\n<p><strong>Seguir y alimentar el infotrafflic<\/strong><br>enviar \u00ab\u202fhello\u202f\u00bb al n\u00famero desde Signal\u202f:<br>+ 1 81 34 37 56 07<\/p>\n","protected":false},"excerpt":{"rendered":"<p>La Zad del Carnet se implant\u00f3 el 31 de agosto de 2020 en la entrada a la isla del Carnet para parar un proyecto de zona industrial de 110 hect\u00e1reas, extensi\u00f3n del Gran Puerto Mar\u00edtimo de Nantes\/Saint-Nazaire. Se trata de un lugar de resistencia, de aguante y de acogida y bienvenida para todas las personas &hellip; <a href=\"https:\/\/zadducarnet.org\/index.php\/es\/lile-du-carnet-contre-lindustrialisation-massive-espanol\/\" class=\"more-link\">Continuer la lecture de <span class=\"screen-reader-text\">La isla del Carnet contra la industrializaci\u00f3n masiva<\/span> <span class=\"meta-nav\">&rarr;<\/span><\/a><\/p>\n","protected":false},"author":5,"featured_media":0,"parent":0,"menu_order":0,"comment_status":"closed","ping_status":"closed","template":"","meta":{"_uag_custom_page_level_css":"","_mc_calendar":[],"footnotes":""},"class_list":["post-1605","page","type-page","status-publish","hentry"],"uagb_featured_image_src":{"full":false,"thumbnail":false,"medium":false,"medium_large":false,"large":false,"1536x1536":false,"2048x2048":false,"post-thumbnail":false},"uagb_author_info":{"display_name":"zad_du_carnet","author_link":"https:\/\/zadducarnet.org\/index.php\/author\/zad_du_carnet\/"},"uagb_comment_info":0,"uagb_excerpt":"La Zad del Carnet se implant\u00f3 el 31 de agosto de 2020 en la entrada a la isla del Carnet para parar un proyecto de zona industrial de 110 hect\u00e1reas, extensi\u00f3n del Gran Puerto Mar\u00edtimo de Nantes\/Saint-Nazaire. Se trata de un lugar de resistencia, de aguante y de acogida y bienvenida para todas las personas\u2026","_links":{"self":[{"href":"https:\/\/zadducarnet.org\/index.php\/wp-json\/wp\/v2\/pages\/1605","targetHints":{"allow":["GET"]}}],"collection":[{"href":"https:\/\/zadducarnet.org\/index.php\/wp-json\/wp\/v2\/pages"}],"about":[{"href":"https:\/\/zadducarnet.org\/index.php\/wp-json\/wp\/v2\/types\/page"}],"author":[{"embeddable":true,"href":"https:\/\/zadducarnet.org\/index.php\/wp-json\/wp\/v2\/users\/5"}],"replies":[{"embeddable":true,"href":"https:\/\/zadducarnet.org\/index.php\/wp-json\/wp\/v2\/comments?post=1605"}],"version-history":[{"count":1,"href":"https:\/\/zadducarnet.org\/index.php\/wp-json\/wp\/v2\/pages\/1605\/revisions"}],"predecessor-version":[{"id":1672,"href":"https:\/\/zadducarnet.org\/index.php\/wp-json\/wp\/v2\/pages\/1605\/revisions\/1672"}],"wp:attachment":[{"href":"https:\/\/zadducarnet.org\/index.php\/wp-json\/wp\/v2\/media?parent=1605"}],"curies":[{"name":"wp","href":"https:\/\/api.w.org\/{rel}","templated":true}]}}