{"id":1537,"date":"2021-01-10T20:26:48","date_gmt":"2021-01-10T19:26:48","guid":{"rendered":"https:\/\/zadducarnet.org\/?page_id=1537"},"modified":"2021-01-14T14:33:04","modified_gmt":"2021-01-14T13:33:04","slug":"repression","status":"publish","type":"page","link":"https:\/\/zadducarnet.org\/index.php\/nouvelles-du-carnet\/repression\/","title":{"rendered":"R\u00e9pression"},"content":{"rendered":"\n\t\t\t<div class=\"wp-block-uagb-post-grid uagb-post-grid  uagb-post__image-position-top uagb-post__image-enabled uagb-block-16a18245     uagb-post__items uagb-post__columns-2 is-grid uagb-post__columns-tablet-2 uagb-post__columns-mobile-1 uagb-post__equal-height\" data-total=\"3\" style=\"\">\n\n\t\t\t\t\t\t\t\t\t\t\t\t<article class=\"uagb-post__inner-wrap\">\t\t\t\t\t\t\t\t<div class='uagb-post__image'>\n\t\t\t\t\t\t\t\t\t<a href=\"https:\/\/zadducarnet.org\/index.php\/2021\/06\/17\/un-week-end-de-mobilisation-contre-le-projet-destructeur-carnet-place-sous-le-signe-de-la-repression\/\" target=\"_self\" rel=\"bookmark noopener noreferrer\" class='uagb-image-ratio-inherit'><img loading=\"lazy\" decoding=\"async\" width=\"604\" height=\"453\" src=\"https:\/\/zadducarnet.org\/wp-content\/uploads\/2021\/06\/img_20210606_151213_1-1.cleaned.jpg\" class=\"attachment-large size-large\" alt=\"\" srcset=\"https:\/\/zadducarnet.org\/wp-content\/uploads\/2021\/06\/img_20210606_151213_1-1.cleaned.jpg 1024w, https:\/\/zadducarnet.org\/wp-content\/uploads\/2021\/06\/img_20210606_151213_1-1.cleaned-300x225.jpg 300w, https:\/\/zadducarnet.org\/wp-content\/uploads\/2021\/06\/img_20210606_151213_1-1.cleaned-768x576.jpg 768w\" sizes=\"auto, (max-width: 604px) 100vw, 604px\" \/>\t\t\t\t\t<\/a>\n\t\t\t\t\t\t\t<\/div>\n\t\t\t\t\t\t<h4 class=\"uagb-post__title uagb-post__text\">\n\t\t\t\t<a href=\"https:\/\/zadducarnet.org\/index.php\/2021\/06\/17\/un-week-end-de-mobilisation-contre-le-projet-destructeur-carnet-place-sous-le-signe-de-la-repression\/\" target=\"_self\" rel=\"bookmark noopener noreferrer\">Un week-end de mobilisation contre le projet destructeur Carnet plac\u00e9 sous le signe de la r\u00e9pression<\/a>\n\t\t\t<\/h4>\n\t\t\t\t\t\t<div class='uagb-post__text uagb-post-grid-byline'>\n\t\t\t\t\t\t\t\t<time datetime=\"2021-06-17T19:28:48+02:00\" class=\"uagb-post__date\">\n\t\t\t\t<span class=\"dashicons-calendar dashicons\"><\/span>\t\t\t\t\t17 juin 2021\t\t\t\t<\/time>\n\t\t\t\t\t\t\t<span class=\"uagb-post__comment\">\n\t\t\t\t<span class=\"dashicons-admin-comments dashicons\"><\/span>\t\t\t\t\tAucun commentaire\t\t\t\t<\/span>\n\t\t\t\t\t\t<\/div>\n\t\t\t\t\t\t\t<div class='uagb-post__text uagb-post__excerpt'>\n\t\t\t\t\t<p>Merci au collectif StopCarnet dont nous reprenons le compte-rendu du week-end du 5-6 juin 2021&#8230;.\t\t\t\t<\/div>\n\t\t\t\t\t\t<div class=\"uagb-post__text uagb-post__cta wp-block-button\">\n\t\t\t\t<a class=\"wp-block-button__link uagb-text-link\" style=\"\" href=\"https:\/\/zadducarnet.org\/index.php\/2021\/06\/17\/un-week-end-de-mobilisation-contre-le-projet-destructeur-carnet-place-sous-le-signe-de-la-repression\/\" target=\"_self\" rel=\"bookmark noopener noreferrer\">Lire la suite<\/a>\n\t\t\t<\/div>\n\t\t\t\n\t\t\t\t\t\t\t\t\t<\/article>\n\t\t\t\t\t\t\t\t\t\t\t\t\t\t\t\t<article class=\"uagb-post__inner-wrap\">\t\t\t\t\t\t\t\t<div class='uagb-post__image'>\n\t\t\t\t\t\t\t\t\t<a href=\"https:\/\/zadducarnet.org\/index.php\/2021\/06\/17\/interpellation-violente-dun-militant-de-stop-carnet-dune-soixantaine-dannees\/\" target=\"_self\" rel=\"bookmark noopener noreferrer\" class='uagb-image-ratio-inherit'><img loading=\"lazy\" decoding=\"async\" width=\"604\" height=\"402\" src=\"https:\/\/zadducarnet.org\/wp-content\/uploads\/2021\/06\/manif506.cleaned.jpg\" class=\"attachment-large size-large\" alt=\"\" srcset=\"https:\/\/zadducarnet.org\/wp-content\/uploads\/2021\/06\/manif506.cleaned.jpg 1024w, https:\/\/zadducarnet.org\/wp-content\/uploads\/2021\/06\/manif506.cleaned-300x200.jpg 300w, https:\/\/zadducarnet.org\/wp-content\/uploads\/2021\/06\/manif506.cleaned-768x512.jpg 768w\" sizes=\"auto, (max-width: 604px) 100vw, 604px\" \/>\t\t\t\t\t<\/a>\n\t\t\t\t\t\t\t<\/div>\n\t\t\t\t\t\t<h4 class=\"uagb-post__title uagb-post__text\">\n\t\t\t\t<a href=\"https:\/\/zadducarnet.org\/index.php\/2021\/06\/17\/interpellation-violente-dun-militant-de-stop-carnet-dune-soixantaine-dannees\/\" target=\"_self\" rel=\"bookmark noopener noreferrer\">Interpellation violente d&rsquo;un militant de Stop Carnet d&rsquo;une soixantaine d&rsquo;ann\u00e9es<\/a>\n\t\t\t<\/h4>\n\t\t\t\t\t\t<div class='uagb-post__text uagb-post-grid-byline'>\n\t\t\t\t\t\t\t\t<time datetime=\"2021-06-17T19:10:07+02:00\" class=\"uagb-post__date\">\n\t\t\t\t<span class=\"dashicons-calendar dashicons\"><\/span>\t\t\t\t\t17 juin 2021\t\t\t\t<\/time>\n\t\t\t\t\t\t\t<span class=\"uagb-post__comment\">\n\t\t\t\t<span class=\"dashicons-admin-comments dashicons\"><\/span>\t\t\t\t\tAucun commentaire\t\t\t\t<\/span>\n\t\t\t\t\t\t<\/div>\n\t\t\t\t\t\t\t<div class='uagb-post__text uagb-post__excerpt'>\n\t\t\t\t\t<p>RDV devant le commissariat de Pornic : lundi 7 juin \u00e0 16h La terreur d&rsquo;Etat&#8230;\t\t\t\t<\/div>\n\t\t\t\t\t\t<div class=\"uagb-post__text uagb-post__cta wp-block-button\">\n\t\t\t\t<a class=\"wp-block-button__link uagb-text-link\" style=\"\" href=\"https:\/\/zadducarnet.org\/index.php\/2021\/06\/17\/interpellation-violente-dun-militant-de-stop-carnet-dune-soixantaine-dannees\/\" target=\"_self\" rel=\"bookmark noopener noreferrer\">Lire la suite<\/a>\n\t\t\t<\/div>\n\t\t\t\n\t\t\t\t\t\t\t\t\t<\/article>\n\t\t\t\t\t\t\t\t\t\t\t\t\t\t\t\t<article class=\"uagb-post__inner-wrap\">\t\t\t\t\t\t\t\t<h4 class=\"uagb-post__title uagb-post__text\">\n\t\t\t\t<a href=\"https:\/\/zadducarnet.org\/index.php\/2021\/04\/28\/etat-policier-et-justice-de-classe-un-zadiste-du-carnet-prisonnier-politique\/\" target=\"_self\" rel=\"bookmark noopener noreferrer\">\u00c9tat policier et justice de classe : un zadiste du Carnet prisonnier politique*<\/a>\n\t\t\t<\/h4>\n\t\t\t\t\t\t<div class='uagb-post__text uagb-post-grid-byline'>\n\t\t\t\t\t\t\t\t<time datetime=\"2021-04-28T16:35:13+02:00\" class=\"uagb-post__date\">\n\t\t\t\t<span class=\"dashicons-calendar dashicons\"><\/span>\t\t\t\t\t28 avril 2021\t\t\t\t<\/time>\n\t\t\t\t\t\t\t<span class=\"uagb-post__comment\">\n\t\t\t\t<span class=\"dashicons-admin-comments dashicons\"><\/span>\t\t\t\t\tAucun commentaire\t\t\t\t<\/span>\n\t\t\t\t\t\t<\/div>\n\t\t\t\t\t\t\t<div class='uagb-post__text uagb-post__excerpt'>\n\t\t\t\t\t<p>Ce texte est un t\u00e9moignage de quelques zadistes du Carnet apr\u00e8s le proc\u00e8s d\u2019un de&#8230;\t\t\t\t<\/div>\n\t\t\t\t\t\t<div class=\"uagb-post__text uagb-post__cta wp-block-button\">\n\t\t\t\t<a class=\"wp-block-button__link uagb-text-link\" style=\"\" href=\"https:\/\/zadducarnet.org\/index.php\/2021\/04\/28\/etat-policier-et-justice-de-classe-un-zadiste-du-carnet-prisonnier-politique\/\" target=\"_self\" rel=\"bookmark noopener noreferrer\">Lire la suite<\/a>\n\t\t\t<\/div>\n\t\t\t\n\t\t\t\t\t\t\t\t\t<\/article>\n\t\t\t\t\t\t\t\t\t\t\t\t\t\t\t\t<article class=\"uagb-post__inner-wrap\">\t\t\t\t\t\t\t\t<div class='uagb-post__image'>\n\t\t\t\t\t\t\t\t\t<a href=\"https:\/\/zadducarnet.org\/index.php\/2021\/03\/13\/ouin-ouin-les-elus-ou-comment-les-elus-font-ouin-ouin-depuis-6-mois-pour-ne-pas-parler-du-projet-du-carnet\/\" target=\"_self\" rel=\"bookmark noopener noreferrer\" class='uagb-image-ratio-inherit'><img loading=\"lazy\" decoding=\"async\" width=\"604\" height=\"453\" src=\"https:\/\/zadducarnet.org\/wp-content\/uploads\/2021\/02\/2860615-1024x768.jpg\" class=\"attachment-large size-large\" alt=\"\" srcset=\"https:\/\/zadducarnet.org\/wp-content\/uploads\/2021\/02\/2860615-1024x768.jpg 1024w, https:\/\/zadducarnet.org\/wp-content\/uploads\/2021\/02\/2860615-300x225.jpg 300w, https:\/\/zadducarnet.org\/wp-content\/uploads\/2021\/02\/2860615-768x576.jpg 768w, https:\/\/zadducarnet.org\/wp-content\/uploads\/2021\/02\/2860615-1536x1152.jpg 1536w, https:\/\/zadducarnet.org\/wp-content\/uploads\/2021\/02\/2860615-2048x1536.jpg 2048w\" sizes=\"auto, (max-width: 604px) 100vw, 604px\" \/>\t\t\t\t\t<\/a>\n\t\t\t\t\t\t\t<\/div>\n\t\t\t\t\t\t<h4 class=\"uagb-post__title uagb-post__text\">\n\t\t\t\t<a href=\"https:\/\/zadducarnet.org\/index.php\/2021\/03\/13\/ouin-ouin-les-elus-ou-comment-les-elus-font-ouin-ouin-depuis-6-mois-pour-ne-pas-parler-du-projet-du-carnet\/\" target=\"_self\" rel=\"bookmark noopener noreferrer\">Ouin-ouin les \u00e9lus ou comment les \u00e9lus font ouin-ouin depuis 6 mois pour ne pas parler du projet du Carnet<\/a>\n\t\t\t<\/h4>\n\t\t\t\t\t\t<div class='uagb-post__text uagb-post-grid-byline'>\n\t\t\t\t\t\t\t\t<time datetime=\"2021-03-13T16:16:47+01:00\" class=\"uagb-post__date\">\n\t\t\t\t<span class=\"dashicons-calendar dashicons\"><\/span>\t\t\t\t\t13 mars 2021\t\t\t\t<\/time>\n\t\t\t\t\t\t\t<span class=\"uagb-post__comment\">\n\t\t\t\t<span class=\"dashicons-admin-comments dashicons\"><\/span>\t\t\t\t\tAucun commentaire\t\t\t\t<\/span>\n\t\t\t\t\t\t<\/div>\n\t\t\t\t\t\t\t<div class='uagb-post__text uagb-post__excerpt'>\n\t\t\t\t\t<p>Alors que nous sommes en crise sanitaire, sociale et \u00e9conomique depuis 1 an, que la&#8230;\t\t\t\t<\/div>\n\t\t\t\t\t\t<div class=\"uagb-post__text uagb-post__cta wp-block-button\">\n\t\t\t\t<a class=\"wp-block-button__link uagb-text-link\" style=\"\" href=\"https:\/\/zadducarnet.org\/index.php\/2021\/03\/13\/ouin-ouin-les-elus-ou-comment-les-elus-font-ouin-ouin-depuis-6-mois-pour-ne-pas-parler-du-projet-du-carnet\/\" target=\"_self\" rel=\"bookmark noopener noreferrer\">Lire la suite<\/a>\n\t\t\t<\/div>\n\t\t\t\n\t\t\t\t\t\t\t\t\t<\/article>\n\t\t\t\t\t\t\t\t\t\t\t\t\t\t\t\t<article class=\"uagb-post__inner-wrap\">\t\t\t\t\t\t\t\t<div class='uagb-post__image'>\n\t\t\t\t\t\t\t\t\t<a href=\"https:\/\/zadducarnet.org\/index.php\/2021\/02\/09\/alerte-risque-dexpulsion-au-carnet\/\" target=\"_self\" rel=\"bookmark noopener noreferrer\" class='uagb-image-ratio-inherit'><img loading=\"lazy\" decoding=\"async\" width=\"480\" height=\"480\" src=\"https:\/\/zadducarnet.org\/wp-content\/uploads\/2021\/02\/alerte-expulsion.png\" class=\"attachment-large size-large\" alt=\"\" srcset=\"https:\/\/zadducarnet.org\/wp-content\/uploads\/2021\/02\/alerte-expulsion.png 480w, https:\/\/zadducarnet.org\/wp-content\/uploads\/2021\/02\/alerte-expulsion-300x300.png 300w, https:\/\/zadducarnet.org\/wp-content\/uploads\/2021\/02\/alerte-expulsion-150x150.png 150w\" sizes=\"auto, (max-width: 480px) 100vw, 480px\" \/>\t\t\t\t\t<\/a>\n\t\t\t\t\t\t\t<\/div>\n\t\t\t\t\t\t<h4 class=\"uagb-post__title uagb-post__text\">\n\t\t\t\t<a href=\"https:\/\/zadducarnet.org\/index.php\/2021\/02\/09\/alerte-risque-dexpulsion-au-carnet\/\" target=\"_self\" rel=\"bookmark noopener noreferrer\">Alerte : Expulsion confirm\u00e9e au Carnet<\/a>\n\t\t\t<\/h4>\n\t\t\t\t\t\t<div class='uagb-post__text uagb-post-grid-byline'>\n\t\t\t\t\t\t\t\t<time datetime=\"2021-02-09T17:03:11+01:00\" class=\"uagb-post__date\">\n\t\t\t\t<span class=\"dashicons-calendar dashicons\"><\/span>\t\t\t\t\t9 f\u00e9vrier 2021\t\t\t\t<\/time>\n\t\t\t\t\t\t\t<span class=\"uagb-post__comment\">\n\t\t\t\t<span class=\"dashicons-admin-comments dashicons\"><\/span>\t\t\t\t\tUn commentaire\t\t\t\t<\/span>\n\t\t\t\t\t\t<\/div>\n\t\t\t\t\t\t\t<div class='uagb-post__text uagb-post__excerpt'>\n\t\t\t\t\t<p>\u00c9dition 10\/02\/2021 : On a eu la joie ce matin de se faire r\u00e9veiller par&#8230;\t\t\t\t<\/div>\n\t\t\t\t\t\t<div class=\"uagb-post__text uagb-post__cta wp-block-button\">\n\t\t\t\t<a class=\"wp-block-button__link uagb-text-link\" style=\"\" href=\"https:\/\/zadducarnet.org\/index.php\/2021\/02\/09\/alerte-risque-dexpulsion-au-carnet\/\" target=\"_self\" rel=\"bookmark noopener noreferrer\">Lire la suite<\/a>\n\t\t\t<\/div>\n\t\t\t\n\t\t\t\t\t\t\t\t\t<\/article>\n\t\t\t\t\t\t\t\t\t\t\t\t\t\t\t\t<article class=\"uagb-post__inner-wrap\">\t\t\t\t\t\t\t\t<div class='uagb-post__image'>\n\t\t\t\t\t\t\t\t\t<a href=\"https:\/\/zadducarnet.org\/index.php\/2021\/02\/03\/nouvelles-peripeties-sur-lestuaire-de-la-loire\/\" target=\"_self\" rel=\"bookmark noopener noreferrer\" class='uagb-image-ratio-inherit'><img loading=\"lazy\" decoding=\"async\" width=\"604\" height=\"270\" src=\"https:\/\/zadducarnet.org\/wp-content\/uploads\/2021\/02\/signal-2021-02-03-171840-1024x457.png\" class=\"attachment-large size-large\" alt=\"\" srcset=\"https:\/\/zadducarnet.org\/wp-content\/uploads\/2021\/02\/signal-2021-02-03-171840-1024x457.png 1024w, https:\/\/zadducarnet.org\/wp-content\/uploads\/2021\/02\/signal-2021-02-03-171840-300x134.png 300w, https:\/\/zadducarnet.org\/wp-content\/uploads\/2021\/02\/signal-2021-02-03-171840-768x343.png 768w, https:\/\/zadducarnet.org\/wp-content\/uploads\/2021\/02\/signal-2021-02-03-171840-604x270.png 604w, https:\/\/zadducarnet.org\/wp-content\/uploads\/2021\/02\/signal-2021-02-03-171840.png 1200w\" sizes=\"auto, (max-width: 604px) 100vw, 604px\" \/>\t\t\t\t\t<\/a>\n\t\t\t\t\t\t\t<\/div>\n\t\t\t\t\t\t<h4 class=\"uagb-post__title uagb-post__text\">\n\t\t\t\t<a href=\"https:\/\/zadducarnet.org\/index.php\/2021\/02\/03\/nouvelles-peripeties-sur-lestuaire-de-la-loire\/\" target=\"_self\" rel=\"bookmark noopener noreferrer\">Nouvelles p\u00e9rip\u00e9ties sur l&rsquo;estuaire de la Loire<\/a>\n\t\t\t<\/h4>\n\t\t\t\t\t\t<div class='uagb-post__text uagb-post-grid-byline'>\n\t\t\t\t\t\t\t\t<time datetime=\"2021-02-03T20:48:36+01:00\" class=\"uagb-post__date\">\n\t\t\t\t<span class=\"dashicons-calendar dashicons\"><\/span>\t\t\t\t\t3 f\u00e9vrier 2021\t\t\t\t<\/time>\n\t\t\t\t\t\t\t<span class=\"uagb-post__comment\">\n\t\t\t\t<span class=\"dashicons-admin-comments dashicons\"><\/span>\t\t\t\t\tAucun commentaire\t\t\t\t<\/span>\n\t\t\t\t\t\t<\/div>\n\t\t\t\t\t\t\t<div class='uagb-post__text uagb-post__excerpt'>\n\t\t\t\t\t<p>Coucou ! Les copaines du Carnet ont besoin de soutien ext\u00e9rieur \u2728\ud83d\udc9bLes derniers jours sur&#8230;\t\t\t\t<\/div>\n\t\t\t\t\t\t<div class=\"uagb-post__text uagb-post__cta wp-block-button\">\n\t\t\t\t<a class=\"wp-block-button__link uagb-text-link\" style=\"\" href=\"https:\/\/zadducarnet.org\/index.php\/2021\/02\/03\/nouvelles-peripeties-sur-lestuaire-de-la-loire\/\" target=\"_self\" rel=\"bookmark noopener noreferrer\">Lire la suite<\/a>\n\t\t\t<\/div>\n\t\t\t\n\t\t\t\t\t\t\t\t\t<\/article>\n\t\t\t\t\t\t\t\t\t\t\t\t\t\t\t\t<article class=\"uagb-post__inner-wrap\">\t\t\t\t\t\t\t\t<div class='uagb-post__image'>\n\t\t\t\t\t\t\t\t\t<a href=\"https:\/\/zadducarnet.org\/index.php\/2021\/02\/02\/appel-a-soutien-urgent\/\" target=\"_self\" rel=\"bookmark noopener noreferrer\" class='uagb-image-ratio-inherit'><img loading=\"lazy\" decoding=\"async\" width=\"604\" height=\"319\" src=\"https:\/\/zadducarnet.org\/wp-content\/uploads\/2020\/09\/la-loire-qui-se-defend-1024x540.jpeg\" class=\"attachment-large size-large\" alt=\"\" srcset=\"https:\/\/zadducarnet.org\/wp-content\/uploads\/2020\/09\/la-loire-qui-se-defend-1024x540.jpeg 1024w, https:\/\/zadducarnet.org\/wp-content\/uploads\/2020\/09\/la-loire-qui-se-defend-300x158.jpeg 300w, https:\/\/zadducarnet.org\/wp-content\/uploads\/2020\/09\/la-loire-qui-se-defend-768x405.jpeg 768w, https:\/\/zadducarnet.org\/wp-content\/uploads\/2020\/09\/la-loire-qui-se-defend-1536x810.jpeg 1536w, https:\/\/zadducarnet.org\/wp-content\/uploads\/2020\/09\/la-loire-qui-se-defend-2048x1079.jpeg 2048w\" sizes=\"auto, (max-width: 604px) 100vw, 604px\" \/>\t\t\t\t\t<\/a>\n\t\t\t\t\t\t\t<\/div>\n\t\t\t\t\t\t<h4 class=\"uagb-post__title uagb-post__text\">\n\t\t\t\t<a href=\"https:\/\/zadducarnet.org\/index.php\/2021\/02\/02\/appel-a-soutien-urgent\/\" target=\"_self\" rel=\"bookmark noopener noreferrer\">Appel \u00e0 soutien urgent<\/a>\n\t\t\t<\/h4>\n\t\t\t\t\t\t<div class='uagb-post__text uagb-post-grid-byline'>\n\t\t\t\t\t\t\t\t<time datetime=\"2021-02-02T17:14:37+01:00\" class=\"uagb-post__date\">\n\t\t\t\t<span class=\"dashicons-calendar dashicons\"><\/span>\t\t\t\t\t2 f\u00e9vrier 2021\t\t\t\t<\/time>\n\t\t\t\t\t\t\t<span class=\"uagb-post__comment\">\n\t\t\t\t<span class=\"dashicons-admin-comments dashicons\"><\/span>\t\t\t\t\tAucun commentaire\t\t\t\t<\/span>\n\t\t\t\t\t\t<\/div>\n\t\t\t\t\t\t\t<div class='uagb-post__text uagb-post__excerpt'>\n\t\t\t\t\t<p>Dispositif policier tr\u00e8s important \u00e0 Paimboeuf (PSIG et 8 camions) et des interpellations ont \u00e9t\u00e9&#8230;\t\t\t\t<\/div>\n\t\t\t\t\t\t<div class=\"uagb-post__text uagb-post__cta wp-block-button\">\n\t\t\t\t<a class=\"wp-block-button__link uagb-text-link\" style=\"\" href=\"https:\/\/zadducarnet.org\/index.php\/2021\/02\/02\/appel-a-soutien-urgent\/\" target=\"_self\" rel=\"bookmark noopener noreferrer\">Lire la suite<\/a>\n\t\t\t<\/div>\n\t\t\t\n\t\t\t\t\t\t\t\t\t<\/article>\n\t\t\t\t\t\t\t\t\t\t\t\t\t\t\t\t<article class=\"uagb-post__inner-wrap\">\t\t\t\t\t\t\t\t<div class='uagb-post__image'>\n\t\t\t\t\t\t\t\t\t<a href=\"https:\/\/zadducarnet.org\/index.php\/2020\/12\/12\/quiz-juridique-de-la-zad-du-carnet\/\" target=\"_self\" rel=\"bookmark noopener noreferrer\" class='uagb-image-ratio-inherit'><img loading=\"lazy\" decoding=\"async\" width=\"604\" height=\"338\" src=\"https:\/\/zadducarnet.org\/wp-content\/uploads\/2020\/12\/truc.png\" class=\"attachment-large size-large\" alt=\"\" srcset=\"https:\/\/zadducarnet.org\/wp-content\/uploads\/2020\/12\/truc.png 712w, https:\/\/zadducarnet.org\/wp-content\/uploads\/2020\/12\/truc-300x168.png 300w\" sizes=\"auto, (max-width: 604px) 100vw, 604px\" \/>\t\t\t\t\t<\/a>\n\t\t\t\t\t\t\t<\/div>\n\t\t\t\t\t\t<h4 class=\"uagb-post__title uagb-post__text\">\n\t\t\t\t<a href=\"https:\/\/zadducarnet.org\/index.php\/2020\/12\/12\/quiz-juridique-de-la-zad-du-carnet\/\" target=\"_self\" rel=\"bookmark noopener noreferrer\">Quiz juridique de la Zad du Carnet<\/a>\n\t\t\t<\/h4>\n\t\t\t\t\t\t<div class='uagb-post__text uagb-post-grid-byline'>\n\t\t\t\t\t\t\t\t<time datetime=\"2020-12-12T15:35:08+01:00\" class=\"uagb-post__date\">\n\t\t\t\t<span class=\"dashicons-calendar dashicons\"><\/span>\t\t\t\t\t12 d\u00e9cembre 2020\t\t\t\t<\/time>\n\t\t\t\t\t\t\t<span class=\"uagb-post__comment\">\n\t\t\t\t<span class=\"dashicons-admin-comments dashicons\"><\/span>\t\t\t\t\tAucun commentaire\t\t\t\t<\/span>\n\t\t\t\t\t\t<\/div>\n\t\t\t\t\t\t\t<div class='uagb-post__text uagb-post__excerpt'>\n\t\t\t\t\t<p>Pour am\u00e9liorer la d\u00e9fense collective et individuelle, il est tr\u00e8s important de bien conna\u00eetre ses&#8230;\t\t\t\t<\/div>\n\t\t\t\t\t\t<div class=\"uagb-post__text uagb-post__cta wp-block-button\">\n\t\t\t\t<a class=\"wp-block-button__link uagb-text-link\" style=\"\" href=\"https:\/\/zadducarnet.org\/index.php\/2020\/12\/12\/quiz-juridique-de-la-zad-du-carnet\/\" target=\"_self\" rel=\"bookmark noopener noreferrer\">Lire la suite<\/a>\n\t\t\t<\/div>\n\t\t\t\n\t\t\t\t\t\t\t\t\t<\/article>\n\t\t\t\t\t\t\t\t\t\t\t\t\t\t\t\t<article class=\"uagb-post__inner-wrap\">\t\t\t\t\t\t\t\t<div class='uagb-post__image'>\n\t\t\t\t\t\t\t\t\t<a href=\"https:\/\/zadducarnet.org\/index.php\/2020\/12\/12\/la-repression-sintensifie-a-la-zad-du-carnet\/\" target=\"_self\" rel=\"bookmark noopener noreferrer\" class='uagb-image-ratio-inherit'><img loading=\"lazy\" decoding=\"async\" width=\"604\" height=\"453\" src=\"https:\/\/zadducarnet.org\/wp-content\/uploads\/2020\/12\/lapin_keufmobile-640x480-1.png\" class=\"attachment-large size-large\" alt=\"\" srcset=\"https:\/\/zadducarnet.org\/wp-content\/uploads\/2020\/12\/lapin_keufmobile-640x480-1.png 640w, https:\/\/zadducarnet.org\/wp-content\/uploads\/2020\/12\/lapin_keufmobile-640x480-1-300x225.png 300w\" sizes=\"auto, (max-width: 604px) 100vw, 604px\" \/>\t\t\t\t\t<\/a>\n\t\t\t\t\t\t\t<\/div>\n\t\t\t\t\t\t<h4 class=\"uagb-post__title uagb-post__text\">\n\t\t\t\t<a href=\"https:\/\/zadducarnet.org\/index.php\/2020\/12\/12\/la-repression-sintensifie-a-la-zad-du-carnet\/\" target=\"_self\" rel=\"bookmark noopener noreferrer\">La r\u00e9pression s&rsquo;intensifie \u00e0 la Zad du Carnet<\/a>\n\t\t\t<\/h4>\n\t\t\t\t\t\t<div class='uagb-post__text uagb-post-grid-byline'>\n\t\t\t\t\t\t\t\t<time datetime=\"2020-12-12T12:45:29+01:00\" class=\"uagb-post__date\">\n\t\t\t\t<span class=\"dashicons-calendar dashicons\"><\/span>\t\t\t\t\t12 d\u00e9cembre 2020\t\t\t\t<\/time>\n\t\t\t\t\t\t\t<span class=\"uagb-post__comment\">\n\t\t\t\t<span class=\"dashicons-admin-comments dashicons\"><\/span>\t\t\t\t\tAucun commentaire\t\t\t\t<\/span>\n\t\t\t\t\t\t<\/div>\n\t\t\t\t\t\t\t<div class='uagb-post__text uagb-post__excerpt'>\n\t\t\t\t\t<p>Depuis le 20 novembre, jour o\u00f9 les gendarmes avaient voulu rentrer sur la Zad en&#8230;\t\t\t\t<\/div>\n\t\t\t\t\t\t<div class=\"uagb-post__text uagb-post__cta wp-block-button\">\n\t\t\t\t<a class=\"wp-block-button__link uagb-text-link\" style=\"\" href=\"https:\/\/zadducarnet.org\/index.php\/2020\/12\/12\/la-repression-sintensifie-a-la-zad-du-carnet\/\" target=\"_self\" rel=\"bookmark noopener noreferrer\">Lire la suite<\/a>\n\t\t\t<\/div>\n\t\t\t\n\t\t\t\t\t\t\t\t\t<\/article>\n\t\t\t\t\t\t\t\t\t\t\t\t\t\t\t\t<article class=\"uagb-post__inner-wrap\">\t\t\t\t\t\t\t\t<div class='uagb-post__image'>\n\t\t\t\t\t\t\t\t\t<a href=\"https:\/\/zadducarnet.org\/index.php\/2020\/11\/27\/helicopteres-la-gendarmerie-ne-compte-pas-pour-surveiller-la-zad\/\" target=\"_self\" rel=\"bookmark noopener noreferrer\" class='uagb-image-ratio-inherit'><img loading=\"lazy\" decoding=\"async\" width=\"604\" height=\"453\" src=\"https:\/\/zadducarnet.org\/wp-content\/uploads\/2020\/11\/Helicopter_rescue_sancy_takeoff-1024x768.jpg\" class=\"attachment-large size-large\" alt=\"\" srcset=\"https:\/\/zadducarnet.org\/wp-content\/uploads\/2020\/11\/Helicopter_rescue_sancy_takeoff-1024x768.jpg 1024w, https:\/\/zadducarnet.org\/wp-content\/uploads\/2020\/11\/Helicopter_rescue_sancy_takeoff-300x225.jpg 300w, https:\/\/zadducarnet.org\/wp-content\/uploads\/2020\/11\/Helicopter_rescue_sancy_takeoff-768x576.jpg 768w, https:\/\/zadducarnet.org\/wp-content\/uploads\/2020\/11\/Helicopter_rescue_sancy_takeoff-1536x1152.jpg 1536w, https:\/\/zadducarnet.org\/wp-content\/uploads\/2020\/11\/Helicopter_rescue_sancy_takeoff.jpg 1601w\" sizes=\"auto, (max-width: 604px) 100vw, 604px\" \/>\t\t\t\t\t<\/a>\n\t\t\t\t\t\t\t<\/div>\n\t\t\t\t\t\t<h4 class=\"uagb-post__title uagb-post__text\">\n\t\t\t\t<a href=\"https:\/\/zadducarnet.org\/index.php\/2020\/11\/27\/helicopteres-la-gendarmerie-ne-compte-pas-pour-surveiller-la-zad\/\" target=\"_self\" rel=\"bookmark noopener noreferrer\">H\u00e9licopt\u00e8res : la gendarmerie ne compte pas pour surveiller la Zad<\/a>\n\t\t\t<\/h4>\n\t\t\t\t\t\t<div class='uagb-post__text uagb-post-grid-byline'>\n\t\t\t\t\t\t\t\t<time datetime=\"2020-11-27T16:11:02+01:00\" class=\"uagb-post__date\">\n\t\t\t\t<span class=\"dashicons-calendar dashicons\"><\/span>\t\t\t\t\t27 novembre 2020\t\t\t\t<\/time>\n\t\t\t\t\t\t\t<span class=\"uagb-post__comment\">\n\t\t\t\t<span class=\"dashicons-admin-comments dashicons\"><\/span>\t\t\t\t\t3 commentaires\t\t\t\t<\/span>\n\t\t\t\t\t\t<\/div>\n\t\t\t\t\t\t\t<div class='uagb-post__text uagb-post__excerpt'>\n\t\t\t\t\t<p>Depuis septembre 2020, on ne compte plus les survols d&rsquo;h\u00e9licopt\u00e8res de la gendarmerie de la&#8230;\t\t\t\t<\/div>\n\t\t\t\t\t\t<div class=\"uagb-post__text uagb-post__cta wp-block-button\">\n\t\t\t\t<a class=\"wp-block-button__link uagb-text-link\" style=\"\" href=\"https:\/\/zadducarnet.org\/index.php\/2020\/11\/27\/helicopteres-la-gendarmerie-ne-compte-pas-pour-surveiller-la-zad\/\" target=\"_self\" rel=\"bookmark noopener noreferrer\">Lire la suite<\/a>\n\t\t\t<\/div>\n\t\t\t\n\t\t\t\t\t\t\t\t\t<\/article>\n\t\t\t\t\t\t\t\t\t\t\t\t\t<div class=\"uagb-post-pagination-wrap\">\n\t\t\t\t\t\t<span aria-current=\"page\" class=\"page-numbers current\">1<\/span>\n<a class=\"page-numbers\" href=\"https:\/\/zadducarnet.org\/index.php\/wp-json\/wp\/v2\/pages\/1537\/page\/2\/\">2<\/a>\n<a class=\"page-numbers\" href=\"https:\/\/zadducarnet.org\/index.php\/wp-json\/wp\/v2\/pages\/1537\/page\/3\/\">3<\/a>\n<a class=\"next page-numbers\" href=\"https:\/\/zadducarnet.org\/index.php\/wp-json\/wp\/v2\/pages\/1537\/page\/2\/\">Next \u00bb<\/a>\t\t\t\t\t<\/div>\n\t\t\t\t\t\t\t\t<\/div>\n\t\t\t","protected":false},"excerpt":{"rendered":"","protected":false},"author":5,"featured_media":0,"parent":1481,"menu_order":0,"comment_status":"closed","ping_status":"closed","template":"","meta":{"_uag_custom_page_level_css":"","_mc_calendar":[],"footnotes":""},"class_list":["post-1537","page","type-page","status-publish","hentry"],"uagb_featured_image_src":{"full":false,"thumbnail":false,"medium":false,"medium_large":false,"large":false,"1536x1536":false,"2048x2048":false,"post-thumbnail":false},"uagb_author_info":{"display_name":"zad_du_carnet","author_link":"https:\/\/zadducarnet.org\/index.php\/author\/zad_du_carnet\/"},"uagb_comment_info":0,"uagb_excerpt":null,"_links":{"self":[{"href":"https:\/\/zadducarnet.org\/index.php\/wp-json\/wp\/v2\/pages\/1537","targetHints":{"allow":["GET"]}}],"collection":[{"href":"https:\/\/zadducarnet.org\/index.php\/wp-json\/wp\/v2\/pages"}],"about":[{"href":"https:\/\/zadducarnet.org\/index.php\/wp-json\/wp\/v2\/types\/page"}],"author":[{"embeddable":true,"href":"https:\/\/zadducarnet.org\/index.php\/wp-json\/wp\/v2\/users\/5"}],"replies":[{"embeddable":true,"href":"https:\/\/zadducarnet.org\/index.php\/wp-json\/wp\/v2\/comments?post=1537"}],"version-history":[{"count":4,"href":"https:\/\/zadducarnet.org\/index.php\/wp-json\/wp\/v2\/pages\/1537\/revisions"}],"predecessor-version":[{"id":1666,"href":"https:\/\/zadducarnet.org\/index.php\/wp-json\/wp\/v2\/pages\/1537\/revisions\/1666"}],"up":[{"embeddable":true,"href":"https:\/\/zadducarnet.org\/index.php\/wp-json\/wp\/v2\/pages\/1481"}],"wp:attachment":[{"href":"https:\/\/zadducarnet.org\/index.php\/wp-json\/wp\/v2\/media?parent=1537"}],"curies":[{"name":"wp","href":"https:\/\/api.w.org\/{rel}","templated":true}]}}