{"id":1508,"date":"2021-01-10T19:44:59","date_gmt":"2021-01-10T18:44:59","guid":{"rendered":"https:\/\/zadducarnet.org\/?page_id=1508"},"modified":"2021-09-16T13:24:45","modified_gmt":"2021-09-16T11:24:45","slug":"articles","status":"publish","type":"page","link":"https:\/\/zadducarnet.org\/index.php\/articles\/","title":{"rendered":"Tous les articles"},"content":{"rendered":"\n\t\t\t<div class=\"wp-block-uagb-post-grid uagb-post-grid  uagb-post__image-position-top uagb-post__image-enabled uagb-block-7d458dc6     uagb-post__items uagb-post__columns-2 is-grid uagb-post__columns-tablet-2 uagb-post__columns-mobile-1 uagb-post__equal-height\" data-total=\"11\" style=\"\">\n\n\t\t\t\t\t\t\t\t\t\t\t\t<article class=\"uagb-post__inner-wrap\">\t\t\t\t\t\t\t\t<div class='uagb-post__image'>\n\t\t\t\t\t\t\t\t\t<a href=\"https:\/\/zadducarnet.org\/index.php\/2023\/04\/26\/pas-de-projet-au-carnet-encore-une-victoire-des-zadistes\/\" target=\"_self\" rel=\"bookmark noopener noreferrer\" class='uagb-image-ratio-inherit'><img loading=\"lazy\" decoding=\"async\" width=\"604\" height=\"340\" src=\"https:\/\/zadducarnet.org\/wp-content\/uploads\/2023\/05\/signal-2023-04-20-190910_002.png\" class=\"attachment-large size-large\" alt=\"\" srcset=\"https:\/\/zadducarnet.org\/wp-content\/uploads\/2023\/05\/signal-2023-04-20-190910_002.png 800w, https:\/\/zadducarnet.org\/wp-content\/uploads\/2023\/05\/signal-2023-04-20-190910_002-300x169.png 300w, https:\/\/zadducarnet.org\/wp-content\/uploads\/2023\/05\/signal-2023-04-20-190910_002-768x432.png 768w\" sizes=\"auto, (max-width: 604px) 100vw, 604px\" \/>\t\t\t\t\t<\/a>\n\t\t\t\t\t\t\t<\/div>\n\t\t\t\t\t\t<h4 class=\"uagb-post__title uagb-post__text\">\n\t\t\t\t<a href=\"https:\/\/zadducarnet.org\/index.php\/2023\/04\/26\/pas-de-projet-au-carnet-encore-une-victoire-des-zadistes\/\" target=\"_self\" rel=\"bookmark noopener noreferrer\">Pas de projet au Carnet, encore une victoire des zadistes !<\/a>\n\t\t\t<\/h4>\n\t\t\t\t\t\t<div class='uagb-post__text uagb-post-grid-byline'>\n\t\t\t\t\t\t\t\t<time datetime=\"2023-04-26T11:14:04+02:00\" class=\"uagb-post__date\">\n\t\t\t\t<span class=\"dashicons-calendar dashicons\"><\/span>\t\t\t\t\t26 avril 2023\t\t\t\t<\/time>\n\t\t\t\t\t\t\t<span class=\"uagb-post__comment\">\n\t\t\t\t<span class=\"dashicons-admin-comments dashicons\"><\/span>\t\t\t\t\tAucun commentaire\t\t\t\t<\/span>\n\t\t\t\t\t\t<\/div>\n\t\t\t\t\t\t\t<div class='uagb-post__text uagb-post__excerpt'>\n\t\t\t\t\t<p>La ZAD du carnet c&rsquo;\u00e9tait une occupation de 7 mois \u00e0 l&rsquo;automne &#8211; hiver 2020-2021&#8230;\t\t\t\t<\/div>\n\t\t\t\t\t\t<div class=\"uagb-post__text uagb-post__cta wp-block-button\">\n\t\t\t\t<a class=\"wp-block-button__link uagb-text-link\" style=\"\" href=\"https:\/\/zadducarnet.org\/index.php\/2023\/04\/26\/pas-de-projet-au-carnet-encore-une-victoire-des-zadistes\/\" target=\"_self\" rel=\"bookmark noopener noreferrer\">Lire la suite<\/a>\n\t\t\t<\/div>\n\t\t\t\n\t\t\t\t\t\t\t\t\t<\/article>\n\t\t\t\t\t\t\t\t\t\t\t\t\t\t\t\t<article class=\"uagb-post__inner-wrap\">\t\t\t\t\t\t\t\t<h4 class=\"uagb-post__title uagb-post__text\">\n\t\t\t\t<a href=\"https:\/\/zadducarnet.org\/index.php\/2023\/04\/24\/pas-de-titre\/\" target=\"_self\" rel=\"bookmark noopener noreferrer\">Pas de titre<\/a>\n\t\t\t<\/h4>\n\t\t\t\t\t\t<div class='uagb-post__text uagb-post-grid-byline'>\n\t\t\t\t\t\t\t\t<time datetime=\"2023-04-24T09:10:10+02:00\" class=\"uagb-post__date\">\n\t\t\t\t<span class=\"dashicons-calendar dashicons\"><\/span>\t\t\t\t\t24 avril 2023\t\t\t\t<\/time>\n\t\t\t\t\t\t\t<span class=\"uagb-post__comment\">\n\t\t\t\t<span class=\"dashicons-admin-comments dashicons\"><\/span>\t\t\t\t\tAucun commentaire\t\t\t\t<\/span>\n\t\t\t\t\t\t<\/div>\n\t\t\t\t\t\t\t<div class='uagb-post__text uagb-post__excerpt'>\n\t\t\t\t\t<p>V\u2019l\u00e0 plus de 2 ans qu\u2019on s\u2019est fait tej&nbsp;V\u2019l\u00e0 que la nouvelle est tomb\u00e9e&nbsp;S\u00e9rieux, on&#8230;\t\t\t\t<\/div>\n\t\t\t\t\t\t<div class=\"uagb-post__text uagb-post__cta wp-block-button\">\n\t\t\t\t<a class=\"wp-block-button__link uagb-text-link\" style=\"\" href=\"https:\/\/zadducarnet.org\/index.php\/2023\/04\/24\/pas-de-titre\/\" target=\"_self\" rel=\"bookmark noopener noreferrer\">Lire la suite<\/a>\n\t\t\t<\/div>\n\t\t\t\n\t\t\t\t\t\t\t\t\t<\/article>\n\t\t\t\t\t\t\t\t\t\t\t\t\t\t\t\t<article class=\"uagb-post__inner-wrap\">\t\t\t\t\t\t\t\t<h4 class=\"uagb-post__title uagb-post__text\">\n\t\t\t\t<a href=\"https:\/\/zadducarnet.org\/index.php\/2023\/04\/24\/en-marge-dans-les-marecages\/\" target=\"_self\" rel=\"bookmark noopener noreferrer\">en marge dans les mar\u00e9cages<\/a>\n\t\t\t<\/h4>\n\t\t\t\t\t\t<div class='uagb-post__text uagb-post-grid-byline'>\n\t\t\t\t\t\t\t\t<time datetime=\"2023-04-24T08:58:41+02:00\" class=\"uagb-post__date\">\n\t\t\t\t<span class=\"dashicons-calendar dashicons\"><\/span>\t\t\t\t\t24 avril 2023\t\t\t\t<\/time>\n\t\t\t\t\t\t\t<span class=\"uagb-post__comment\">\n\t\t\t\t<span class=\"dashicons-admin-comments dashicons\"><\/span>\t\t\t\t\tAucun commentaire\t\t\t\t<\/span>\n\t\t\t\t\t\t<\/div>\n\t\t\t\t\t\t\t<div class='uagb-post__text uagb-post__excerpt'>\n\t\t\t\t\t<p>Nous sommes tous.tes des enfants du carnet.\u00a0Je suis le b\u00e9b\u00e9 qui d\u00e9couvre un nouveau monde,\u00a0un&#8230;\t\t\t\t<\/div>\n\t\t\t\t\t\t<div class=\"uagb-post__text uagb-post__cta wp-block-button\">\n\t\t\t\t<a class=\"wp-block-button__link uagb-text-link\" style=\"\" href=\"https:\/\/zadducarnet.org\/index.php\/2023\/04\/24\/en-marge-dans-les-marecages\/\" target=\"_self\" rel=\"bookmark noopener noreferrer\">Lire la suite<\/a>\n\t\t\t<\/div>\n\t\t\t\n\t\t\t\t\t\t\t\t\t<\/article>\n\t\t\t\t\t\t\t\t\t\t\t\t\t\t\t\t<article class=\"uagb-post__inner-wrap\">\t\t\t\t\t\t\t\t<h4 class=\"uagb-post__title uagb-post__text\">\n\t\t\t\t<a href=\"https:\/\/zadducarnet.org\/index.php\/2023\/04\/24\/alors-comme-ca-on-a-gagne\/\" target=\"_self\" rel=\"bookmark noopener noreferrer\">Alors comme ca on a gagn\u00e9 ?<\/a>\n\t\t\t<\/h4>\n\t\t\t\t\t\t<div class='uagb-post__text uagb-post-grid-byline'>\n\t\t\t\t\t\t\t\t<time datetime=\"2023-04-24T08:50:03+02:00\" class=\"uagb-post__date\">\n\t\t\t\t<span class=\"dashicons-calendar dashicons\"><\/span>\t\t\t\t\t24 avril 2023\t\t\t\t<\/time>\n\t\t\t\t\t\t\t<span class=\"uagb-post__comment\">\n\t\t\t\t<span class=\"dashicons-admin-comments dashicons\"><\/span>\t\t\t\t\tAucun commentaire\t\t\t\t<\/span>\n\t\t\t\t\t\t<\/div>\n\t\t\t\t\t\t\t<div class='uagb-post__text uagb-post__excerpt'>\n\t\t\t\t\t<p>Les quelques lignes de l&rsquo;articles de Reporterre semblent dures a croire tant les derniers moments&#8230;\t\t\t\t<\/div>\n\t\t\t\t\t\t<div class=\"uagb-post__text uagb-post__cta wp-block-button\">\n\t\t\t\t<a class=\"wp-block-button__link uagb-text-link\" style=\"\" href=\"https:\/\/zadducarnet.org\/index.php\/2023\/04\/24\/alors-comme-ca-on-a-gagne\/\" target=\"_self\" rel=\"bookmark noopener noreferrer\">Lire la suite<\/a>\n\t\t\t<\/div>\n\t\t\t\n\t\t\t\t\t\t\t\t\t<\/article>\n\t\t\t\t\t\t\t\t\t\t\t\t\t\t\t\t<article class=\"uagb-post__inner-wrap\">\t\t\t\t\t\t\t\t<h4 class=\"uagb-post__title uagb-post__text\">\n\t\t\t\t<a href=\"https:\/\/zadducarnet.org\/index.php\/2023\/04\/23\/quoi-dneuf-au-carnet\/\" target=\"_self\" rel=\"bookmark noopener noreferrer\">Quoi d&rsquo;neuf au Carnet ?<\/a>\n\t\t\t<\/h4>\n\t\t\t\t\t\t<div class='uagb-post__text uagb-post-grid-byline'>\n\t\t\t\t\t\t\t\t<time datetime=\"2023-04-23T09:19:29+02:00\" class=\"uagb-post__date\">\n\t\t\t\t<span class=\"dashicons-calendar dashicons\"><\/span>\t\t\t\t\t23 avril 2023\t\t\t\t<\/time>\n\t\t\t\t\t\t\t<span class=\"uagb-post__comment\">\n\t\t\t\t<span class=\"dashicons-admin-comments dashicons\"><\/span>\t\t\t\t\tAucun commentaire\t\t\t\t<\/span>\n\t\t\t\t\t\t<\/div>\n\t\t\t\t\t\t\t<div class='uagb-post__text uagb-post__excerpt'>\n\t\t\t\t\t<p>Pour rappel l&rsquo;occupation de l&rsquo;Ile du Carnet qui a commenc\u00e9 fin ao\u00fbt 2020 avec un&#8230;\t\t\t\t<\/div>\n\t\t\t\t\t\t<div class=\"uagb-post__text uagb-post__cta wp-block-button\">\n\t\t\t\t<a class=\"wp-block-button__link uagb-text-link\" style=\"\" href=\"https:\/\/zadducarnet.org\/index.php\/2023\/04\/23\/quoi-dneuf-au-carnet\/\" target=\"_self\" rel=\"bookmark noopener noreferrer\">Lire la suite<\/a>\n\t\t\t<\/div>\n\t\t\t\n\t\t\t\t\t\t\t\t\t<\/article>\n\t\t\t\t\t\t\t\t\t\t\t\t\t\t\t\t<article class=\"uagb-post__inner-wrap\">\t\t\t\t\t\t\t\t<div class='uagb-post__image'>\n\t\t\t\t\t\t\t\t\t<a href=\"https:\/\/zadducarnet.org\/index.php\/2021\/11\/28\/communique-de-la-zap-zone-a-patates-de-pertuis-84\/\" target=\"_self\" rel=\"bookmark noopener noreferrer\" class='uagb-image-ratio-inherit'><img loading=\"lazy\" decoding=\"async\" width=\"604\" height=\"340\" src=\"https:\/\/zadducarnet.org\/wp-content\/uploads\/2021\/11\/zap-pertuis.jpg\" class=\"attachment-large size-large\" alt=\"\" srcset=\"https:\/\/zadducarnet.org\/wp-content\/uploads\/2021\/11\/zap-pertuis.jpg 700w, https:\/\/zadducarnet.org\/wp-content\/uploads\/2021\/11\/zap-pertuis-300x169.jpg 300w\" sizes=\"auto, (max-width: 604px) 100vw, 604px\" \/>\t\t\t\t\t<\/a>\n\t\t\t\t\t\t\t<\/div>\n\t\t\t\t\t\t<h4 class=\"uagb-post__title uagb-post__text\">\n\t\t\t\t<a href=\"https:\/\/zadducarnet.org\/index.php\/2021\/11\/28\/communique-de-la-zap-zone-a-patates-de-pertuis-84\/\" target=\"_self\" rel=\"bookmark noopener noreferrer\">Communiqu\u00e9 de la ZAP (Zone \u00e0 patates) de Pertuis (84)<\/a>\n\t\t\t<\/h4>\n\t\t\t\t\t\t<div class='uagb-post__text uagb-post-grid-byline'>\n\t\t\t\t\t\t\t\t<time datetime=\"2021-11-28T19:30:07+01:00\" class=\"uagb-post__date\">\n\t\t\t\t<span class=\"dashicons-calendar dashicons\"><\/span>\t\t\t\t\t28 novembre 2021\t\t\t\t<\/time>\n\t\t\t\t\t\t\t<span class=\"uagb-post__comment\">\n\t\t\t\t<span class=\"dashicons-admin-comments dashicons\"><\/span>\t\t\t\t\tAucun commentaire\t\t\t\t<\/span>\n\t\t\t\t\t\t<\/div>\n\t\t\t\t\t\t\t<div class='uagb-post__text uagb-post__excerpt'>\n\t\t\t\t\t<p>L\u2019extension de la Zone d\u2019activit\u00e9 commerciale de Pertuis (84) menace les terres agricoles avoisinantes, ainsi&#8230;\t\t\t\t<\/div>\n\t\t\t\t\t\t<div class=\"uagb-post__text uagb-post__cta wp-block-button\">\n\t\t\t\t<a class=\"wp-block-button__link uagb-text-link\" style=\"\" href=\"https:\/\/zadducarnet.org\/index.php\/2021\/11\/28\/communique-de-la-zap-zone-a-patates-de-pertuis-84\/\" target=\"_self\" rel=\"bookmark noopener noreferrer\">Lire la suite<\/a>\n\t\t\t<\/div>\n\t\t\t\n\t\t\t\t\t\t\t\t\t<\/article>\n\t\t\t\t\t\t\t\t\t\t\t\t\t\t\t\t<article class=\"uagb-post__inner-wrap\">\t\t\t\t\t\t\t\t<div class='uagb-post__image'>\n\t\t\t\t\t\t\t\t\t<a href=\"https:\/\/zadducarnet.org\/index.php\/2021\/11\/05\/la-zad-du-lien-expulsee\/\" target=\"_self\" rel=\"bookmark noopener noreferrer\" class='uagb-image-ratio-inherit'><img loading=\"lazy\" decoding=\"async\" width=\"300\" height=\"225\" src=\"https:\/\/zadducarnet.org\/wp-content\/uploads\/2021\/11\/2021-11-04_Montpellier_ZADduLIEN-resistance-300x225-1.jpg\" class=\"attachment-large size-large\" alt=\"\" \/>\t\t\t\t\t<\/a>\n\t\t\t\t\t\t\t<\/div>\n\t\t\t\t\t\t<h4 class=\"uagb-post__title uagb-post__text\">\n\t\t\t\t<a href=\"https:\/\/zadducarnet.org\/index.php\/2021\/11\/05\/la-zad-du-lien-expulsee\/\" target=\"_self\" rel=\"bookmark noopener noreferrer\">La Zad du LIEN expuls\u00e9e<\/a>\n\t\t\t<\/h4>\n\t\t\t\t\t\t<div class='uagb-post__text uagb-post-grid-byline'>\n\t\t\t\t\t\t\t\t<time datetime=\"2021-11-05T12:03:19+01:00\" class=\"uagb-post__date\">\n\t\t\t\t<span class=\"dashicons-calendar dashicons\"><\/span>\t\t\t\t\t5 novembre 2021\t\t\t\t<\/time>\n\t\t\t\t\t\t\t<span class=\"uagb-post__comment\">\n\t\t\t\t<span class=\"dashicons-admin-comments dashicons\"><\/span>\t\t\t\t\tAucun commentaire\t\t\t\t<\/span>\n\t\t\t\t\t\t<\/div>\n\t\t\t\t\t\t\t<div class='uagb-post__text uagb-post__excerpt'>\n\t\t\t\t\t<p>Squat.net et midi libre annoncent l&rsquo;expulsion de la zad du LIEN ce jeudi 4 novembre&#8230;.\t\t\t\t<\/div>\n\t\t\t\t\t\t<div class=\"uagb-post__text uagb-post__cta wp-block-button\">\n\t\t\t\t<a class=\"wp-block-button__link uagb-text-link\" style=\"\" href=\"https:\/\/zadducarnet.org\/index.php\/2021\/11\/05\/la-zad-du-lien-expulsee\/\" target=\"_self\" rel=\"bookmark noopener noreferrer\">Lire la suite<\/a>\n\t\t\t<\/div>\n\t\t\t\n\t\t\t\t\t\t\t\t\t<\/article>\n\t\t\t\t\t\t\t\t\t\t\t\t\t\t\t\t<article class=\"uagb-post__inner-wrap\">\t\t\t\t\t\t\t\t<div class='uagb-post__image'>\n\t\t\t\t\t\t\t\t\t<a href=\"https:\/\/zadducarnet.org\/index.php\/2021\/11\/03\/des-nouvelles-de-la-zad-de-mazaugues\/\" target=\"_self\" rel=\"bookmark noopener noreferrer\" class='uagb-image-ratio-inherit'><img loading=\"lazy\" decoding=\"async\" width=\"604\" height=\"553\" src=\"https:\/\/zadducarnet.org\/wp-content\/uploads\/2021\/11\/logo.jpg\" class=\"attachment-large size-large\" alt=\"\" srcset=\"https:\/\/zadducarnet.org\/wp-content\/uploads\/2021\/11\/logo.jpg 1024w, https:\/\/zadducarnet.org\/wp-content\/uploads\/2021\/11\/logo-300x275.jpg 300w, https:\/\/zadducarnet.org\/wp-content\/uploads\/2021\/11\/logo-768x704.jpg 768w\" sizes=\"auto, (max-width: 604px) 100vw, 604px\" \/>\t\t\t\t\t<\/a>\n\t\t\t\t\t\t\t<\/div>\n\t\t\t\t\t\t<h4 class=\"uagb-post__title uagb-post__text\">\n\t\t\t\t<a href=\"https:\/\/zadducarnet.org\/index.php\/2021\/11\/03\/des-nouvelles-de-la-zad-de-mazaugues\/\" target=\"_self\" rel=\"bookmark noopener noreferrer\">Des nouvelles de la ZAD de Mazaugues<\/a>\n\t\t\t<\/h4>\n\t\t\t\t\t\t<div class='uagb-post__text uagb-post-grid-byline'>\n\t\t\t\t\t\t\t\t<time datetime=\"2021-11-03T00:10:22+01:00\" class=\"uagb-post__date\">\n\t\t\t\t<span class=\"dashicons-calendar dashicons\"><\/span>\t\t\t\t\t3 novembre 2021\t\t\t\t<\/time>\n\t\t\t\t\t\t\t<span class=\"uagb-post__comment\">\n\t\t\t\t<span class=\"dashicons-admin-comments dashicons\"><\/span>\t\t\t\t\tAucun commentaire\t\t\t\t<\/span>\n\t\t\t\t\t\t<\/div>\n\t\t\t\t\t\t\t<div class='uagb-post__text uagb-post__excerpt'>\n\t\t\t\t\t<p>En juin dernier, les \u00ab&nbsp;humain.es de la mine&nbsp;\u00bb de Mazaugues (83) se sont fait conna\u00eetre&#8230;\t\t\t\t<\/div>\n\t\t\t\t\t\t<div class=\"uagb-post__text uagb-post__cta wp-block-button\">\n\t\t\t\t<a class=\"wp-block-button__link uagb-text-link\" style=\"\" href=\"https:\/\/zadducarnet.org\/index.php\/2021\/11\/03\/des-nouvelles-de-la-zad-de-mazaugues\/\" target=\"_self\" rel=\"bookmark noopener noreferrer\">Lire la suite<\/a>\n\t\t\t<\/div>\n\t\t\t\n\t\t\t\t\t\t\t\t\t<\/article>\n\t\t\t\t\t\t\t\t\t\t\t\t\t\t\t\t<article class=\"uagb-post__inner-wrap\">\t\t\t\t\t\t\t\t<div class='uagb-post__image'>\n\t\t\t\t\t\t\t\t\t<a href=\"https:\/\/zadducarnet.org\/index.php\/2021\/10\/12\/demantelement-de-leolienne-experimentale-du-carnet-good-bye-ginette\/\" target=\"_self\" rel=\"bookmark noopener noreferrer\" class='uagb-image-ratio-inherit'><img loading=\"lazy\" decoding=\"async\" width=\"604\" height=\"340\" src=\"https:\/\/zadducarnet.org\/wp-content\/uploads\/2021\/10\/signal-2021-10-11-131831_001-1024x576.jpg\" class=\"attachment-large size-large\" alt=\"\" srcset=\"https:\/\/zadducarnet.org\/wp-content\/uploads\/2021\/10\/signal-2021-10-11-131831_001-1024x576.jpg 1024w, https:\/\/zadducarnet.org\/wp-content\/uploads\/2021\/10\/signal-2021-10-11-131831_001-300x169.jpg 300w, https:\/\/zadducarnet.org\/wp-content\/uploads\/2021\/10\/signal-2021-10-11-131831_001-768x432.jpg 768w, https:\/\/zadducarnet.org\/wp-content\/uploads\/2021\/10\/signal-2021-10-11-131831_001-1536x864.jpg 1536w, https:\/\/zadducarnet.org\/wp-content\/uploads\/2021\/10\/signal-2021-10-11-131831_001.jpg 1920w\" sizes=\"auto, (max-width: 604px) 100vw, 604px\" \/>\t\t\t\t\t<\/a>\n\t\t\t\t\t\t\t<\/div>\n\t\t\t\t\t\t<h4 class=\"uagb-post__title uagb-post__text\">\n\t\t\t\t<a href=\"https:\/\/zadducarnet.org\/index.php\/2021\/10\/12\/demantelement-de-leolienne-experimentale-du-carnet-good-bye-ginette\/\" target=\"_self\" rel=\"bookmark noopener noreferrer\">D\u00e9mant\u00e8lement de l&rsquo;\u00e9olienne exp\u00e9rimentale du Carnet, Good Bye Ginette<\/a>\n\t\t\t<\/h4>\n\t\t\t\t\t\t<div class='uagb-post__text uagb-post-grid-byline'>\n\t\t\t\t\t\t\t\t<time datetime=\"2021-10-12T10:46:13+02:00\" class=\"uagb-post__date\">\n\t\t\t\t<span class=\"dashicons-calendar dashicons\"><\/span>\t\t\t\t\t12 octobre 2021\t\t\t\t<\/time>\n\t\t\t\t\t\t\t<span class=\"uagb-post__comment\">\n\t\t\t\t<span class=\"dashicons-admin-comments dashicons\"><\/span>\t\t\t\t\tUn commentaire\t\t\t\t<\/span>\n\t\t\t\t\t\t<\/div>\n\t\t\t\t\t\t\t<div class='uagb-post__text uagb-post__excerpt'>\n\t\t\t\t\t<p>Nous venons d&rsquo;apprendre cette semaine le d\u00e9but de d\u00e9mant\u00e8lement du prototype d&rsquo;\u00e9olienne offshore Haliade 150-6MW&#8230;\t\t\t\t<\/div>\n\t\t\t\t\t\t<div class=\"uagb-post__text uagb-post__cta wp-block-button\">\n\t\t\t\t<a class=\"wp-block-button__link uagb-text-link\" style=\"\" href=\"https:\/\/zadducarnet.org\/index.php\/2021\/10\/12\/demantelement-de-leolienne-experimentale-du-carnet-good-bye-ginette\/\" target=\"_self\" rel=\"bookmark noopener noreferrer\">Lire la suite<\/a>\n\t\t\t<\/div>\n\t\t\t\n\t\t\t\t\t\t\t\t\t<\/article>\n\t\t\t\t\t\t\t\t\t\t\t\t\t\t\t\t<article class=\"uagb-post__inner-wrap\">\t\t\t\t\t\t\t\t<div class='uagb-post__image'>\n\t\t\t\t\t\t\t\t\t<a href=\"https:\/\/zadducarnet.org\/index.php\/2021\/10\/08\/rencontres-de-la-confluence-des-luttes-de-louest-de-retour-du-21-au-31-octobre-a-montabot\/\" target=\"_self\" rel=\"bookmark noopener noreferrer\" class='uagb-image-ratio-inherit'><img loading=\"lazy\" decoding=\"async\" width=\"604\" height=\"340\" src=\"https:\/\/zadducarnet.org\/wp-content\/uploads\/2021\/10\/confluence-des-luttes-21-31.10.png\" class=\"attachment-large size-large\" alt=\"\" srcset=\"https:\/\/zadducarnet.org\/wp-content\/uploads\/2021\/10\/confluence-des-luttes-21-31.10.png 820w, https:\/\/zadducarnet.org\/wp-content\/uploads\/2021\/10\/confluence-des-luttes-21-31.10-300x169.png 300w, https:\/\/zadducarnet.org\/wp-content\/uploads\/2021\/10\/confluence-des-luttes-21-31.10-768x432.png 768w\" sizes=\"auto, (max-width: 604px) 100vw, 604px\" \/>\t\t\t\t\t<\/a>\n\t\t\t\t\t\t\t<\/div>\n\t\t\t\t\t\t<h4 class=\"uagb-post__title uagb-post__text\">\n\t\t\t\t<a href=\"https:\/\/zadducarnet.org\/index.php\/2021\/10\/08\/rencontres-de-la-confluence-des-luttes-de-louest-de-retour-du-21-au-31-octobre-a-montabot\/\" target=\"_self\" rel=\"bookmark noopener noreferrer\">Rencontres de la confluence des luttes de l\u2019Ouest de retour du 21 au 31 octobre \u00e0 Montabot!<\/a>\n\t\t\t<\/h4>\n\t\t\t\t\t\t<div class='uagb-post__text uagb-post-grid-byline'>\n\t\t\t\t\t\t\t\t<time datetime=\"2021-10-08T16:57:21+02:00\" class=\"uagb-post__date\">\n\t\t\t\t<span class=\"dashicons-calendar dashicons\"><\/span>\t\t\t\t\t8 octobre 2021\t\t\t\t<\/time>\n\t\t\t\t\t\t\t<span class=\"uagb-post__comment\">\n\t\t\t\t<span class=\"dashicons-admin-comments dashicons\"><\/span>\t\t\t\t\tAucun commentaire\t\t\t\t<\/span>\n\t\t\t\t\t\t<\/div>\n\t\t\t\t\t\t\t<div class='uagb-post__text uagb-post__excerpt'>\n\t\t\t\t\t<p>En r\u00e9sum\u00e9 :&nbsp; &nbsp;Les rencontres de la confluence des luttes de l\u2019Ouest reviennent, elles auront&#8230;\t\t\t\t<\/div>\n\t\t\t\t\t\t<div class=\"uagb-post__text uagb-post__cta wp-block-button\">\n\t\t\t\t<a class=\"wp-block-button__link uagb-text-link\" style=\"\" href=\"https:\/\/zadducarnet.org\/index.php\/2021\/10\/08\/rencontres-de-la-confluence-des-luttes-de-louest-de-retour-du-21-au-31-octobre-a-montabot\/\" target=\"_self\" rel=\"bookmark noopener noreferrer\">Lire la suite<\/a>\n\t\t\t<\/div>\n\t\t\t\n\t\t\t\t\t\t\t\t\t<\/article>\n\t\t\t\t\t\t\t\t\t\t\t\t\t\t\t\t<article class=\"uagb-post__inner-wrap\">\t\t\t\t\t\t\t\t<div class='uagb-post__image'>\n\t\t\t\t\t\t\t\t\t<a href=\"https:\/\/zadducarnet.org\/index.php\/2021\/09\/27\/une-zad-en-allemagne-appelle-a-soutien\/\" target=\"_self\" rel=\"bookmark noopener noreferrer\" class='uagb-image-ratio-inherit'><img loading=\"lazy\" decoding=\"async\" width=\"559\" height=\"526\" src=\"https:\/\/zadducarnet.org\/wp-content\/uploads\/2021\/09\/Logo_ZAD_Rhineland.png\" class=\"attachment-large size-large\" alt=\"\" srcset=\"https:\/\/zadducarnet.org\/wp-content\/uploads\/2021\/09\/Logo_ZAD_Rhineland.png 559w, https:\/\/zadducarnet.org\/wp-content\/uploads\/2021\/09\/Logo_ZAD_Rhineland-300x282.png 300w\" sizes=\"auto, (max-width: 559px) 100vw, 559px\" \/>\t\t\t\t\t<\/a>\n\t\t\t\t\t\t\t<\/div>\n\t\t\t\t\t\t<h4 class=\"uagb-post__title uagb-post__text\">\n\t\t\t\t<a href=\"https:\/\/zadducarnet.org\/index.php\/2021\/09\/27\/une-zad-en-allemagne-appelle-a-soutien\/\" target=\"_self\" rel=\"bookmark noopener noreferrer\">Une Zad en Allemagne appelle \u00e0 soutien<\/a>\n\t\t\t<\/h4>\n\t\t\t\t\t\t<div class='uagb-post__text uagb-post-grid-byline'>\n\t\t\t\t\t\t\t\t<time datetime=\"2021-09-27T18:13:59+02:00\" class=\"uagb-post__date\">\n\t\t\t\t<span class=\"dashicons-calendar dashicons\"><\/span>\t\t\t\t\t27 septembre 2021\t\t\t\t<\/time>\n\t\t\t\t\t\t\t<span class=\"uagb-post__comment\">\n\t\t\t\t<span class=\"dashicons-admin-comments dashicons\"><\/span>\t\t\t\t\tAucun commentaire\t\t\t\t<\/span>\n\t\t\t\t\t\t<\/div>\n\t\t\t\t\t\t\t<div class='uagb-post__text uagb-post__excerpt'>\n\t\t\t\t\t<p>Le village de L\u00fctzerath en Rh\u00e9nanie est menac\u00e9 de destruction par l\u2019accroissement de la mine&#8230;\t\t\t\t<\/div>\n\t\t\t\t\t\t<div class=\"uagb-post__text uagb-post__cta wp-block-button\">\n\t\t\t\t<a class=\"wp-block-button__link uagb-text-link\" style=\"\" href=\"https:\/\/zadducarnet.org\/index.php\/2021\/09\/27\/une-zad-en-allemagne-appelle-a-soutien\/\" target=\"_self\" rel=\"bookmark noopener noreferrer\">Lire la suite<\/a>\n\t\t\t<\/div>\n\t\t\t\n\t\t\t\t\t\t\t\t\t<\/article>\n\t\t\t\t\t\t\t\t\t\t\t\t\t\t\t\t<article class=\"uagb-post__inner-wrap\">\t\t\t\t\t\t\t\t<div class='uagb-post__image'>\n\t\t\t\t\t\t\t\t\t<a href=\"https:\/\/zadducarnet.org\/index.php\/2021\/09\/13\/chantiers-collectifs-de-construction-de-la-future-maison-du-carnet-libre-et-sauvage-tous-les-week-ends-a-partir-des-18-19-septembre\/\" target=\"_self\" rel=\"bookmark noopener noreferrer\" class='uagb-image-ratio-inherit'><img loading=\"lazy\" decoding=\"async\" width=\"604\" height=\"506\" src=\"https:\/\/zadducarnet.org\/wp-content\/uploads\/2021\/09\/signal-2021-09-11-142343_001.png\" class=\"attachment-large size-large\" alt=\"\" srcset=\"https:\/\/zadducarnet.org\/wp-content\/uploads\/2021\/09\/signal-2021-09-11-142343_001.png 1024w, https:\/\/zadducarnet.org\/wp-content\/uploads\/2021\/09\/signal-2021-09-11-142343_001-300x251.png 300w, https:\/\/zadducarnet.org\/wp-content\/uploads\/2021\/09\/signal-2021-09-11-142343_001-768x644.png 768w\" sizes=\"auto, (max-width: 604px) 100vw, 604px\" \/>\t\t\t\t\t<\/a>\n\t\t\t\t\t\t\t<\/div>\n\t\t\t\t\t\t<h4 class=\"uagb-post__title uagb-post__text\">\n\t\t\t\t<a href=\"https:\/\/zadducarnet.org\/index.php\/2021\/09\/13\/chantiers-collectifs-de-construction-de-la-future-maison-du-carnet-libre-et-sauvage-tous-les-week-ends-a-partir-des-18-19-septembre\/\" target=\"_self\" rel=\"bookmark noopener noreferrer\">chantiers collectifs de construction de la future maison du Carnet [Libre et Sauvage] tous les week ends \u00e0 partir des\u00a018\/19\u00a0septembre!<\/a>\n\t\t\t<\/h4>\n\t\t\t\t\t\t<div class='uagb-post__text uagb-post-grid-byline'>\n\t\t\t\t\t\t\t\t<time datetime=\"2021-09-13T16:12:58+02:00\" class=\"uagb-post__date\">\n\t\t\t\t<span class=\"dashicons-calendar dashicons\"><\/span>\t\t\t\t\t13 septembre 2021\t\t\t\t<\/time>\n\t\t\t\t\t\t\t<span class=\"uagb-post__comment\">\n\t\t\t\t<span class=\"dashicons-admin-comments dashicons\"><\/span>\t\t\t\t\tAucun commentaire\t\t\t\t<\/span>\n\t\t\t\t\t\t<\/div>\n\t\t\t\t\t\t\t<div class='uagb-post__text uagb-post__excerpt'>\n\t\t\t\t\t<p>Le Grand Port Maritime d\u00e9termin\u00e9 \u00e0 relancer le projet industriel du Carnet ? On ne&#8230;\t\t\t\t<\/div>\n\t\t\t\t\t\t<div class=\"uagb-post__text uagb-post__cta wp-block-button\">\n\t\t\t\t<a class=\"wp-block-button__link uagb-text-link\" style=\"\" href=\"https:\/\/zadducarnet.org\/index.php\/2021\/09\/13\/chantiers-collectifs-de-construction-de-la-future-maison-du-carnet-libre-et-sauvage-tous-les-week-ends-a-partir-des-18-19-septembre\/\" target=\"_self\" rel=\"bookmark noopener noreferrer\">Lire la suite<\/a>\n\t\t\t<\/div>\n\t\t\t\n\t\t\t\t\t\t\t\t\t<\/article>\n\t\t\t\t\t\t\t\t\t\t\t\t\t\t\t\t<article class=\"uagb-post__inner-wrap\">\t\t\t\t\t\t\t\t<div class='uagb-post__image'>\n\t\t\t\t\t\t\t\t\t<a href=\"https:\/\/zadducarnet.org\/index.php\/2021\/09\/08\/venez-soutenir-la-resistance-pres-du-carnet-ces-prochaines-semaines\/\" target=\"_self\" rel=\"bookmark noopener noreferrer\" class='uagb-image-ratio-inherit'><img loading=\"lazy\" decoding=\"async\" width=\"604\" height=\"340\" src=\"https:\/\/zadducarnet.org\/wp-content\/uploads\/2021\/09\/241540171_357533179409557_2269585648389652109_n-1024x576.jpg\" class=\"attachment-large size-large\" alt=\"\" srcset=\"https:\/\/zadducarnet.org\/wp-content\/uploads\/2021\/09\/241540171_357533179409557_2269585648389652109_n-1024x576.jpg 1024w, https:\/\/zadducarnet.org\/wp-content\/uploads\/2021\/09\/241540171_357533179409557_2269585648389652109_n-300x169.jpg 300w, https:\/\/zadducarnet.org\/wp-content\/uploads\/2021\/09\/241540171_357533179409557_2269585648389652109_n-768x432.jpg 768w, https:\/\/zadducarnet.org\/wp-content\/uploads\/2021\/09\/241540171_357533179409557_2269585648389652109_n-1536x864.jpg 1536w, https:\/\/zadducarnet.org\/wp-content\/uploads\/2021\/09\/241540171_357533179409557_2269585648389652109_n.jpg 1920w\" sizes=\"auto, (max-width: 604px) 100vw, 604px\" \/>\t\t\t\t\t<\/a>\n\t\t\t\t\t\t\t<\/div>\n\t\t\t\t\t\t<h4 class=\"uagb-post__title uagb-post__text\">\n\t\t\t\t<a href=\"https:\/\/zadducarnet.org\/index.php\/2021\/09\/08\/venez-soutenir-la-resistance-pres-du-carnet-ces-prochaines-semaines\/\" target=\"_self\" rel=\"bookmark noopener noreferrer\">Venez soutenir la r\u00e9sistance pr\u00e8s du Carnet ces prochaines semaines !<\/a>\n\t\t\t<\/h4>\n\t\t\t\t\t\t<div class='uagb-post__text uagb-post-grid-byline'>\n\t\t\t\t\t\t\t\t<time datetime=\"2021-09-08T10:15:19+02:00\" class=\"uagb-post__date\">\n\t\t\t\t<span class=\"dashicons-calendar dashicons\"><\/span>\t\t\t\t\t8 septembre 2021\t\t\t\t<\/time>\n\t\t\t\t\t\t\t<span class=\"uagb-post__comment\">\n\t\t\t\t<span class=\"dashicons-admin-comments dashicons\"><\/span>\t\t\t\t\tAucun commentaire\t\t\t\t<\/span>\n\t\t\t\t\t\t<\/div>\n\t\t\t\t\t\t\t<div class='uagb-post__text uagb-post__excerpt'>\n\t\t\t\t\t<p>Le Grand Port Maritime d\u00e9termin\u00e9 \u00e0 relancer le projet industriel du Carnet ? On ne&#8230;\t\t\t\t<\/div>\n\t\t\t\t\t\t<div class=\"uagb-post__text uagb-post__cta wp-block-button\">\n\t\t\t\t<a class=\"wp-block-button__link uagb-text-link\" style=\"\" href=\"https:\/\/zadducarnet.org\/index.php\/2021\/09\/08\/venez-soutenir-la-resistance-pres-du-carnet-ces-prochaines-semaines\/\" target=\"_self\" rel=\"bookmark noopener noreferrer\">Lire la suite<\/a>\n\t\t\t<\/div>\n\t\t\t\n\t\t\t\t\t\t\t\t\t<\/article>\n\t\t\t\t\t\t\t\t\t\t\t\t\t\t\t\t<article class=\"uagb-post__inner-wrap\">\t\t\t\t\t\t\t\t<div class='uagb-post__image'>\n\t\t\t\t\t\t\t\t\t<a href=\"https:\/\/zadducarnet.org\/index.php\/2021\/09\/04\/quand-nddl-se-prend-pour-le-petit-pere-des-luttes-entre-recuperation-et-autoritarisme\/\" target=\"_self\" rel=\"bookmark noopener noreferrer\" class='uagb-image-ratio-inherit'><img loading=\"lazy\" decoding=\"async\" width=\"604\" height=\"393\" src=\"https:\/\/zadducarnet.org\/wp-content\/uploads\/2021\/09\/Reseau-1024x666.jpg\" class=\"attachment-large size-large\" alt=\"\" srcset=\"https:\/\/zadducarnet.org\/wp-content\/uploads\/2021\/09\/Reseau-1024x666.jpg 1024w, https:\/\/zadducarnet.org\/wp-content\/uploads\/2021\/09\/Reseau-300x195.jpg 300w, https:\/\/zadducarnet.org\/wp-content\/uploads\/2021\/09\/Reseau-768x499.jpg 768w, https:\/\/zadducarnet.org\/wp-content\/uploads\/2021\/09\/Reseau.jpg 1200w\" sizes=\"auto, (max-width: 604px) 100vw, 604px\" \/>\t\t\t\t\t<\/a>\n\t\t\t\t\t\t\t<\/div>\n\t\t\t\t\t\t<h4 class=\"uagb-post__title uagb-post__text\">\n\t\t\t\t<a href=\"https:\/\/zadducarnet.org\/index.php\/2021\/09\/04\/quand-nddl-se-prend-pour-le-petit-pere-des-luttes-entre-recuperation-et-autoritarisme\/\" target=\"_self\" rel=\"bookmark noopener noreferrer\">Quand NDDL se prend pour le petit p\u00e8re des luttes &#8211; Entre r\u00e9cup\u00e9ration et autoritarisme<\/a>\n\t\t\t<\/h4>\n\t\t\t\t\t\t<div class='uagb-post__text uagb-post-grid-byline'>\n\t\t\t\t\t\t\t\t<time datetime=\"2021-09-04T21:08:34+02:00\" class=\"uagb-post__date\">\n\t\t\t\t<span class=\"dashicons-calendar dashicons\"><\/span>\t\t\t\t\t4 septembre 2021\t\t\t\t<\/time>\n\t\t\t\t\t\t\t<span class=\"uagb-post__comment\">\n\t\t\t\t<span class=\"dashicons-admin-comments dashicons\"><\/span>\t\t\t\t\tUn commentaire\t\t\t\t<\/span>\n\t\t\t\t\t\t<\/div>\n\t\t\t\t\t\t\t<div class='uagb-post__text uagb-post__excerpt'>\n\t\t\t\t\t<p>Ce texte est une r\u00e9ponse collective de la part de personnes ayant lutt\u00e9 \u00e0 la&#8230;\t\t\t\t<\/div>\n\t\t\t\t\t\t<div class=\"uagb-post__text uagb-post__cta wp-block-button\">\n\t\t\t\t<a class=\"wp-block-button__link uagb-text-link\" style=\"\" href=\"https:\/\/zadducarnet.org\/index.php\/2021\/09\/04\/quand-nddl-se-prend-pour-le-petit-pere-des-luttes-entre-recuperation-et-autoritarisme\/\" target=\"_self\" rel=\"bookmark noopener noreferrer\">Lire la suite<\/a>\n\t\t\t<\/div>\n\t\t\t\n\t\t\t\t\t\t\t\t\t<\/article>\n\t\t\t\t\t\t\t\t\t\t\t\t\t\t\t\t<article class=\"uagb-post__inner-wrap\">\t\t\t\t\t\t\t\t<div class='uagb-post__image'>\n\t\t\t\t\t\t\t\t\t<a href=\"https:\/\/zadducarnet.org\/index.php\/2021\/08\/13\/une-brochure-sur-la-mediation-dans-la-boite-a-outils\/\" target=\"_self\" rel=\"bookmark noopener noreferrer\" class='uagb-image-ratio-inherit'><img loading=\"lazy\" decoding=\"async\" width=\"604\" height=\"479\" src=\"https:\/\/zadducarnet.org\/wp-content\/uploads\/2021\/08\/kandinsky_carre.jpg\" class=\"attachment-large size-large\" alt=\"\" srcset=\"https:\/\/zadducarnet.org\/wp-content\/uploads\/2021\/08\/kandinsky_carre.jpg 781w, https:\/\/zadducarnet.org\/wp-content\/uploads\/2021\/08\/kandinsky_carre-300x238.jpg 300w, https:\/\/zadducarnet.org\/wp-content\/uploads\/2021\/08\/kandinsky_carre-768x610.jpg 768w\" sizes=\"auto, (max-width: 604px) 100vw, 604px\" \/>\t\t\t\t\t<\/a>\n\t\t\t\t\t\t\t<\/div>\n\t\t\t\t\t\t<h4 class=\"uagb-post__title uagb-post__text\">\n\t\t\t\t<a href=\"https:\/\/zadducarnet.org\/index.php\/2021\/08\/13\/une-brochure-sur-la-mediation-dans-la-boite-a-outils\/\" target=\"_self\" rel=\"bookmark noopener noreferrer\">Une brochure sur la m\u00e9diation dans la bo\u00eete \u00e0 outils<\/a>\n\t\t\t<\/h4>\n\t\t\t\t\t\t<div class='uagb-post__text uagb-post-grid-byline'>\n\t\t\t\t\t\t\t\t<time datetime=\"2021-08-13T21:57:37+02:00\" class=\"uagb-post__date\">\n\t\t\t\t<span class=\"dashicons-calendar dashicons\"><\/span>\t\t\t\t\t13 ao\u00fbt 2021\t\t\t\t<\/time>\n\t\t\t\t\t\t\t<span class=\"uagb-post__comment\">\n\t\t\t\t<span class=\"dashicons-admin-comments dashicons\"><\/span>\t\t\t\t\tAucun commentaire\t\t\t\t<\/span>\n\t\t\t\t\t\t<\/div>\n\t\t\t\t\t\t\t<div class='uagb-post__text uagb-post__excerpt'>\n\t\t\t\t\t<p>Cette brochure propose quelques pratiques de d\u00e9sescalade dans des situations de conflits avec violence, de&#8230;\t\t\t\t<\/div>\n\t\t\t\t\t\t<div class=\"uagb-post__text uagb-post__cta wp-block-button\">\n\t\t\t\t<a class=\"wp-block-button__link uagb-text-link\" style=\"\" href=\"https:\/\/zadducarnet.org\/index.php\/2021\/08\/13\/une-brochure-sur-la-mediation-dans-la-boite-a-outils\/\" target=\"_self\" rel=\"bookmark noopener noreferrer\">Lire la suite<\/a>\n\t\t\t<\/div>\n\t\t\t\n\t\t\t\t\t\t\t\t\t<\/article>\n\t\t\t\t\t\t\t\t\t\t\t\t\t<div class=\"uagb-post-pagination-wrap\">\n\t\t\t\t\t\t<span aria-current=\"page\" class=\"page-numbers current\">1<\/span>\n<a class=\"page-numbers\" href=\"https:\/\/zadducarnet.org\/index.php\/wp-json\/wp\/v2\/pages\/1508\/page\/2\/\">2<\/a>\n<a class=\"page-numbers\" href=\"https:\/\/zadducarnet.org\/index.php\/wp-json\/wp\/v2\/pages\/1508\/page\/3\/\">3<\/a>\n<a class=\"page-numbers\" href=\"https:\/\/zadducarnet.org\/index.php\/wp-json\/wp\/v2\/pages\/1508\/page\/4\/\">4<\/a>\n<a class=\"page-numbers\" href=\"https:\/\/zadducarnet.org\/index.php\/wp-json\/wp\/v2\/pages\/1508\/page\/5\/\">5<\/a>\n<span class=\"page-numbers dots\">\u2026<\/span>\n<a class=\"page-numbers\" href=\"https:\/\/zadducarnet.org\/index.php\/wp-json\/wp\/v2\/pages\/1508\/page\/8\/\">8<\/a>\n<a class=\"page-numbers\" href=\"https:\/\/zadducarnet.org\/index.php\/wp-json\/wp\/v2\/pages\/1508\/page\/9\/\">9<\/a>\n<a class=\"page-numbers\" href=\"https:\/\/zadducarnet.org\/index.php\/wp-json\/wp\/v2\/pages\/1508\/page\/10\/\">10<\/a>\n<a class=\"page-numbers\" href=\"https:\/\/zadducarnet.org\/index.php\/wp-json\/wp\/v2\/pages\/1508\/page\/11\/\">11<\/a>\n<a class=\"next page-numbers\" href=\"https:\/\/zadducarnet.org\/index.php\/wp-json\/wp\/v2\/pages\/1508\/page\/2\/\">Next \u00bb<\/a>\t\t\t\t\t<\/div>\n\t\t\t\t\t\t\t\t<\/div>\n\t\t\t","protected":false},"excerpt":{"rendered":"","protected":false},"author":5,"featured_media":0,"parent":0,"menu_order":0,"comment_status":"closed","ping_status":"closed","template":"","meta":{"_uag_custom_page_level_css":"","_mc_calendar":[],"footnotes":""},"class_list":["post-1508","page","type-page","status-publish","hentry"],"uagb_featured_image_src":{"full":false,"thumbnail":false,"medium":false,"medium_large":false,"large":false,"1536x1536":false,"2048x2048":false,"post-thumbnail":false},"uagb_author_info":{"display_name":"zad_du_carnet","author_link":"https:\/\/zadducarnet.org\/index.php\/author\/zad_du_carnet\/"},"uagb_comment_info":0,"uagb_excerpt":null,"_links":{"self":[{"href":"https:\/\/zadducarnet.org\/index.php\/wp-json\/wp\/v2\/pages\/1508","targetHints":{"allow":["GET"]}}],"collection":[{"href":"https:\/\/zadducarnet.org\/index.php\/wp-json\/wp\/v2\/pages"}],"about":[{"href":"https:\/\/zadducarnet.org\/index.php\/wp-json\/wp\/v2\/types\/page"}],"author":[{"embeddable":true,"href":"https:\/\/zadducarnet.org\/index.php\/wp-json\/wp\/v2\/users\/5"}],"replies":[{"embeddable":true,"href":"https:\/\/zadducarnet.org\/index.php\/wp-json\/wp\/v2\/comments?post=1508"}],"version-history":[{"count":3,"href":"https:\/\/zadducarnet.org\/index.php\/wp-json\/wp\/v2\/pages\/1508\/revisions"}],"predecessor-version":[{"id":2715,"href":"https:\/\/zadducarnet.org\/index.php\/wp-json\/wp\/v2\/pages\/1508\/revisions\/2715"}],"wp:attachment":[{"href":"https:\/\/zadducarnet.org\/index.php\/wp-json\/wp\/v2\/media?parent=1508"}],"curies":[{"name":"wp","href":"https:\/\/api.w.org\/{rel}","templated":true}]}}