{"id":11,"date":"2020-09-02T17:30:30","date_gmt":"2020-09-02T15:30:30","guid":{"rendered":"http:\/\/zadducarnet.noblogs.org\/?page_id=11"},"modified":"2021-02-24T21:54:40","modified_gmt":"2021-02-24T20:54:40","slug":"venir-nous-rejoindre","status":"publish","type":"page","link":"https:\/\/zadducarnet.org\/index.php\/venir-nous-rejoindre\/","title":{"rendered":"Venir nous rejoindre"},"content":{"rendered":"\n<h1 class=\"wp-block-heading\">Pour venir<\/h1>\n\n\n\n<p>La zone se trouve \u00e0 30km de Saint Nazaire et \u00e0 40km de Nantes sur la rive sud de la Loire, sur la commune de Saint Viaud. L\u2019adresse exacte est :<br><strong>Lieu dit La P\u00e9hini\u00e8re 44320 Saint Viaud<\/strong><\/p>\n\n\n\n<iframe loading=\"lazy\" allowfullscreen=\"\" src=\"\/\/umap.openstreetmap.fr\/fr\/map\/carte-sans-nom_495088?scaleControl=false&amp;miniMap=false&amp;scrollWheelZoom=false&amp;zoomControl=true&amp;allowEdit=false&amp;moreControl=true&amp;searchControl=null&amp;tilelayersControl=null&amp;embedControl=true&amp;datalayersControl=null&amp;onLoadPanel=undefined&amp;captionBar=false&amp;feature=ZAD%20du%20Carnet#7\/47.010\/-0.626\" width=\"100%\" height=\"300px\" frameborder=\"0\"><\/iframe><p><a href=\"\/\/umap.openstreetmap.fr\/fr\/map\/carte-sans-nom_495088\">Voir en plein \u00e9cran<\/a><\/p>\n\n\n\n<hr class=\"wp-block-separator\"\/>\n\n\n\t\t\t\t<div class=\"wp-block-uagb-table-of-contents uagb-toc__align-left uagb-toc__columns-1  uagb-block-0b07baeb      \"\n\t\t\t\t\tdata-scroll= \"1\"\n\t\t\t\t\tdata-offset= \"30\"\n\t\t\t\t\tstyle=\"\"\n\t\t\t\t>\n\t\t\t\t<div class=\"uagb-toc__wrap\">\n\t\t\t\t\t\t<div class=\"uagb-toc__title\">\n\t\t\t\t\t\t\tTable des mati\u00e8res\t\t\t\t\t\t<\/div>\n\t\t\t\t\t\t\t\t\t\t\t\t\t\t\t\t\t\t\t\t\t\t<div class=\"uagb-toc__list-wrap \">\n\t\t\t\t\t\t<ol class=\"uagb-toc__list\"><li class=\"uagb-toc__list\"><a href=\"#pour-venir\" class=\"uagb-toc-link__trigger\">Pour venir<\/a><ul class=\"uagb-toc__list\"><li class=\"uagb-toc__list\"><a href=\"#venir-en-voiture-covoiturage\" class=\"uagb-toc-link__trigger\">Venir en voiture \/ covoiturage<\/a><li class=\"uagb-toc__list\"><li class=\"uagb-toc__list\"><a href=\"#venir-en-v\u00e9lo\" class=\"uagb-toc-link__trigger\">Venir en v\u00e9lo<\/a><li class=\"uagb-toc__list\"><li class=\"uagb-toc__list\"><a href=\"#venir-en-transports-collectifs\" class=\"uagb-toc-link__trigger\">Venir en transports collectifs<\/a><li class=\"uagb-toc__list\"><li class=\"uagb-toc__list\"><a href=\"#venir-quelques-heures-pour-la-journ\u00e9e\" class=\"uagb-toc-link__trigger\">Venir quelques heures \/\u00a0 pour la journ\u00e9e<\/a><li class=\"uagb-toc__list\"><li class=\"uagb-toc__list\"><a href=\"#si-vous-restez-plusieurs-jours\" class=\"uagb-toc-link__trigger\">Si vous restez plusieurs jours<\/a><li class=\"uagb-toc__list\"><li class=\"uagb-toc__list\"><a href=\"#lors-de-votre-arriv\u00e9e\" class=\"uagb-toc-link__trigger\">Lors de votre arriv\u00e9e<\/a><\/ul><\/ol>\t\t\t\t\t<\/div>\n\t\t\t\t\t\t\t\t\t<\/div>\n\t\t\t\t<\/div>\n\t\t\t\n\n\n<div style=\"height:54px\" aria-hidden=\"true\" class=\"wp-block-spacer\"><\/div>\n\n\n\n<h2 class=\"wp-block-heading\">Venir en voiture \/ covoiturage<\/h2>\n\n\n\n<p><strong>Covoiturage : <\/strong>Un groupe Facebook a \u00e9t\u00e9 mis en place pour faciliter le covoiturage&nbsp; (en attendant la cr\u00e9ation d\u2019un outil hors Facebook) : <a rel=\"noreferrer noopener\" href=\"http:\/\/facebook.com\/groups\/stopcarnetcovoit\" target=\"_blank\">facebook.com\/groups\/stopcarnetcovoit<\/a> , <strong>pensez \u00e0 y publier une annonce quand vous venez sur la ZAD en voiture! <\/strong><\/p>\n\n\n\n<p class=\"has-dark-gray-color has-text-color\" style=\"font-size:17px\"><strong>Si vous partez de Nantes, ou y passez, en voiture, nous vous invitons \u00e0 passer par Pirmil voir si des personnes y attendent pour se rendre au Carnet<\/strong> !<\/p>\n\n\n\n<p><strong>Stop depuis Nantes<\/strong> : si vous partez de Nantes, o\u00f9 y arrivez en stop ou covoit, il est conseill\u00e9 de se mettre \u00e0 Pirmil (c\u00f4t\u00e9 Loire) sur le chemin vers le Carnet. Acc\u00e8s facile en transports en commun avec les tram 2 et 3<\/p>\n\n\n\n<p><strong>Points de contr\u00f4le de la gendarmerie : <\/strong>Depuis le d\u00e9but de l&rsquo;occupation, les gendarmes sont pr\u00e9sents tout autour de la zone et proc\u00e8dent \u00e0 des contr\u00f4les d&rsquo;identit\u00e9 et occasionnellement \u00e0 une fouille des v\u00e9hicules (pensez \u00e0 v\u00e9rifier que les gendarmes poss\u00e8dent bien une r\u00e9quisition du procureur les autorisant \u00e0 fouiller les  v\u00e9hicules) et\/ou \u00e0 un test salivaire ou d&rsquo;alcool\u00e9mie. <\/p>\n\n\n\n<p><strong>Depuis d\u00e9but octobre<\/strong>, les contr\u00f4les de gendarmes sont beaucoup plus l\u00e9gers, on ne nous a signal\u00e9 aucune fouille de v\u00e9hicule et peu de contr\u00f4les d&rsquo;identit\u00e9. Si votre v\u00e9hicule a \u00e9t\u00e9 fouill\u00e9 par les gendarmes en arrivant sur zone, contactez <a href=\"mailto:legal_carnet@riseup.net\">legal_carnet[at]riseup.net<\/a> avec l&rsquo;heure et le lieu o\u00f9 cela s&rsquo;est pass\u00e9.<\/p>\n\n\n\n<p>N&rsquo;h\u00e9sitez pas \u00e0 venir quoi qu&rsquo;il en soit. Les amendes sont rares, mais si jamais vous en avez une, contactez <a href=\"mailto:legal_carnet@riseup.net\">legal_carnet[at]riseup.net<\/a> pour mettre en place une action commune de d\u00e9fense.<\/p>\n\n\n\n<p>Nous mettons \u00e0 jour les points de contr\u00f4le r\u00e9guli\u00e8rement. Pour conna\u00eetre les points de contr\u00f4le avant de venir, envoyez un message <a rel=\"noreferrer noopener\" href=\"https:\/\/www.signal.org\/fr\/download\/\" target=\"_blank\">via l&rsquo;application Signal<\/a> au num\u00e9ro : +1 864-763-6156. Si vous vous faites contr\u00f4ler, envoyez \u00e9galement le point de contr\u00f4le \u00e0 ce m\u00eame num\u00e9ro. Merci !<\/p>\n\n\n\n<p>Si vous n&rsquo;avez pas de smartphone ou que vous ne pouvez pas utiliser Signal, vous pouvez nous envoyer un mail \u00e0 <a href=\"mailto:zadducarnet@riseup.net\">zadducarnet[at]riseup.net<\/a>, nous tenterons d&rsquo;y r\u00e9pondre au plus vite, mais nous sommes moins r\u00e9actifs\u2026<\/p>\n\n\n\n<hr class=\"wp-block-separator\"\/>\n\n\n\n<p>Des arr\u00eat\u00e9s municipaux d&rsquo;interdiction de circulation et de stationnement avaient \u00e9t\u00e9 mis en place, cela n&rsquo;est plus le cas aujourd&rsquo;hui. Nous conseillons cependant pour \u00e9viter le fichage de votre voiture de cacher vos plaques quand vous vous garez pr\u00e8s de la Zad.<\/p>\n\n\n\n<h2 class=\"wp-block-heading\"><strong>Venir en v\u00e9lo<\/strong><\/h2>\n\n\n\n<p>La ZAD est situ\u00e9e sur le parcours de la Loire \u00e0 v\u00e9lo \u00e0 40 kms de Nantes , il est assez facile de s&rsquo;y rendre en v\u00e9lo, Pr\u00e9voir 2h30 &#8211; 3h depuis Nantes!<\/p>\n\n\n\n<p><strong>Deux options : <\/strong><\/p>\n\n\n\n<ul class=\"wp-block-list\"><li>prendre la Loire \u00e0 v\u00e9lo Nord Loire direction Cou\u00ebron (fl\u00e8ches jaunes indiqu\u00e9 \u00ab\u00a0parcours provisoire\u00a0\u00bb) puis prendre le bac pour le Pellerin et poursuivre au Sud <\/li><li>prendre la Loire \u00e0 v\u00e9lo Sud Loire en passant par l\u2019\u00eele de nantes (parcours indiqu\u00e9 par les fl\u00e9chages de l&rsquo;eurov\u00e9lo)<\/li><\/ul>\n\n\n\n<p class=\"has-text-align-center\"><a href=\"https:\/\/www.loireavelo.fr\/carte\/\">Lien vers la carte de la Loire \u00e0 V\u00e9lo<\/a><\/p>\n\n\n\n<p>Des convois v\u00e9lo seront r\u00e9guli\u00e8rement organis\u00e9s depuis Nantes par le Collectif Nantais de D\u00e9fense de l&rsquo;Estuaire !<\/p>\n\n\n\n<h2 class=\"wp-block-heading\">Venir en transports collectifs<\/h2>\n\n\n\n<p><strong>Gares les plus proches <\/strong><\/p>\n\n\n\n<p>Saint-Nazaire (30kms) ainsi que celle de Nantes (40kms) avec possibilit\u00e9 de combiner avec les deux lignes de cars d\u00e9partementaux ci-dessous, la Loire \u00e0 V\u00e9lo ou du covoit \/ stop !<\/p>\n\n\n\n<p><strong>Cars d\u00e9partementaux<\/strong><\/p>\n\n\n\n<p><strong>Ligne de bus d\u00e9partementale 301 Nantes &#8211; Saint-P\u00e8re Paimboeuf<\/strong>. Attention Il n&rsquo;y a que deux cars par jour (et un seul dans le sens retour) et seulement du lundi au vendredi en p\u00e9riode scolaire. <a href=\"https:\/\/aleop.paysdelaloire.fr\/plan-de-la-ligne-301-en-loire-atlantique\">Voici le plan de la ligne<\/a> et ci-dessous une capture d&rsquo;\u00e9cran de la <a href=\"https:\/\/drive.google.com\/file\/d\/1IDVH7cAmCeq43j25UjALhf0_eHBzujVq\/view\">fiche horaire <\/a>.<\/p>\n\n\n\n<figure class=\"wp-block-image size-large\"><img loading=\"lazy\" decoding=\"async\" width=\"869\" height=\"1024\" src=\"https:\/\/zadducarnet.org\/wp-content\/uploads\/2020\/10\/horaires301-869x1024.png\" alt=\"\" class=\"wp-image-677\" srcset=\"https:\/\/zadducarnet.org\/wp-content\/uploads\/2020\/10\/horaires301-869x1024.png 869w, https:\/\/zadducarnet.org\/wp-content\/uploads\/2020\/10\/horaires301-255x300.png 255w, https:\/\/zadducarnet.org\/wp-content\/uploads\/2020\/10\/horaires301-768x905.png 768w, https:\/\/zadducarnet.org\/wp-content\/uploads\/2020\/10\/horaires301.png 1103w\" sizes=\"auto, (max-width: 869px) 100vw, 869px\" \/><\/figure>\n\n\n\n<p>Prendre le car \u00e0 l&rsquo;arr\u00eat Pirmil (lignes de tram 2 et 3) direction Paimboeuf puis deux options :<\/p>\n\n\n\n<ul class=\"wp-block-list\"><li>Descendre \u00e0 l&rsquo;arr\u00eat PAIMB\u0152UF &#8211; Kuhlmann Floralies puis pr\u00e9voir 45 minutes de marche jusqu&rsquo;\u00e0 la ZAD en suivant la loire \u00e0 v\u00e9lo direction Frossay.<\/li><li>Descendre \u00e0 l&rsquo;arr\u00eat Plein Air \u00e0 Saint-Viaud puis pr\u00e9voir 45 minutes de marche jusqu&rsquo;\u00e0 la ZAD : revenir en arri\u00e8re et prendre la route de l&rsquo;aviation puis suivre la Loire \u00e0 V\u00e9lo.<\/li><\/ul>\n\n\n\n<p><strong>Ligne de bus d\u00e9partementale 316 Frossay Paimboeuf Saint-Nazaire<\/strong> qui propose davantage d&rsquo;horaires du lundi au samedi! On peut le r\u00e9cup\u00e9rer \u00e0 la gare SNCF de Saint-Nazaire!<\/p>\n\n\n\n<p>Prendre le car \u00e0 l&rsquo;arr\u00eat Gare SNCF &#8211; Saint-Nazaire direction Frossay avec arr\u00eat \u00e0 Paimboeuf &#8211; Kuhlmann Floralies puis marcher jusqu&rsquo;\u00e0 la ZAD en suivant la Loire \u00e0 v\u00e9lo !<\/p>\n\n\n\n<div class=\"wp-block-columns has-dark-gray-color has-text-color is-layout-flex wp-container-core-columns-is-layout-9d6595d7 wp-block-columns-is-layout-flex\">\n<div class=\"wp-block-column is-layout-flow wp-block-column-is-layout-flow\">\n<figure class=\"wp-block-table aligncenter is-style-stripes\"><table><thead><tr><th class=\"has-text-align-center\" data-align=\"center\">D\u00e9part Saint-Nazaire<\/th><th>Arriv\u00e9e Paimboeuf<\/th><\/tr><\/thead><tbody><tr><td class=\"has-text-align-center\" data-align=\"center\">7h10<\/td><td>7h52<\/td><\/tr><tr><td class=\"has-text-align-center\" data-align=\"center\">8h52<\/td><td>9h34<\/td><\/tr><tr><td class=\"has-text-align-center\" data-align=\"center\">10h00<\/td><td>10h42<\/td><\/tr><tr><td class=\"has-text-align-center\" data-align=\"center\">12h00<\/td><td>12h42<\/td><\/tr><tr><td class=\"has-text-align-center\" data-align=\"center\">16h00<\/td><td>16h42<\/td><\/tr><tr><td class=\"has-text-align-center\" data-align=\"center\">17h10<\/td><td>17h52<\/td><\/tr><tr><td class=\"has-text-align-center\" data-align=\"center\">17h40<\/td><td>18h22<\/td><\/tr><tr><td class=\"has-text-align-center\" data-align=\"center\">17h45<\/td><td>18h27<\/td><\/tr><tr><td class=\"has-text-align-center\" data-align=\"center\">18h45<\/td><td>19h27<\/td><\/tr><\/tbody><\/table><\/figure>\n<\/div>\n\n\n\n<div class=\"wp-block-column is-layout-flow wp-block-column-is-layout-flow\">\n<figure class=\"wp-block-table aligncenter is-style-stripes\"><table><thead><tr><th class=\"has-text-align-center\" data-align=\"center\">D\u00e9part Paimboeuf<\/th><th>Arriv\u00e9e Saint-Nazaire<\/th><\/tr><\/thead><tbody><tr><td class=\"has-text-align-center\" data-align=\"center\">6h20<\/td><td>7h07<\/td><\/tr><tr><td class=\"has-text-align-center\" data-align=\"center\">7h00<\/td><td>7h46<\/td><\/tr><tr><td class=\"has-text-align-center\" data-align=\"center\">7h30<\/td><td>8h17<\/td><\/tr><tr><td class=\"has-text-align-center\" data-align=\"center\">8h01<\/td><td>8h48<\/td><\/tr><tr><td class=\"has-text-align-center\" data-align=\"center\">9h18<\/td><td>10h03<\/td><\/tr><tr><td class=\"has-text-align-center\" data-align=\"center\">15h23<\/td><td>16h08<\/td><\/tr><tr><td class=\"has-text-align-center\" data-align=\"center\">17h00<\/td><td>17h44<\/td><\/tr><tr><td class=\"has-text-align-center\" data-align=\"center\">17h55<\/td><td>18h40<\/td><\/tr><\/tbody><\/table><\/figure>\n<\/div>\n<\/div>\n\n\n\n<h2 class=\"wp-block-heading\"><strong>Venir quelques heures \/&nbsp; pour la journ\u00e9e<\/strong><\/h2>\n\n\n\n<p>Tout le monde est bienvenue, tous les jours, pour d\u00e9couvrir l&rsquo;\u00eele du Carnet, se balader, prendre conscience de la richesse des lieux. Venez discuter, nous sommes l\u00e0 (aussi) pour \u00e7a !<\/p>\n\n\n\n<p>Des balades d\u00e9couvertes sont organis\u00e9es tous les dimanches &#8211; rendez-vous \u00e0 midi pour un pique-nique et \u00e0 14h pour le d\u00e9but de la balade. Toutes les infos mises \u00e0 jour sur la page <a href=\"https:\/\/zadducarnet.org\/index.php\/agenda-groupes-locaux\/\">\u00ab\u00a0Agenda\u00a0\u00bb<\/a>.<\/p>\n\n\n\n<h2 class=\"wp-block-heading\">Si vous restez plusieurs jours<\/h2>\n\n\n\n<p>Nous vous conseillons de prendre une carte d&rsquo;identit\u00e9, une tente et un sac de couchage, des v\u00eatements chauds pour la nuit, une lampe frontale, etc. (si vous n&rsquo;en avez pas, on s&rsquo;arrangera). La Zad est un lieu de lutte et non de f\u00eate et nous pr\u00e9f\u00e9rons que vous \u00e9vitiez d&rsquo;apporter de l&rsquo;alcool en quantit\u00e9. Si vous souhaitez amener quelque chose \u00e0 partager, nous vous conseillons de consulter notre <a rel=\"noreferrer noopener\" href=\"https:\/\/frama.link\/besoinscarnet\/\" target=\"_blank\">liste de besoins<\/a>. La zone est grande, si vous avez la possibilit\u00e9, prenez un v\u00e9lo (un espace de r\u00e9paration est disponible sur site).<\/p>\n\n\n\n<p>Votre t\u00e9l\u00e9phone portable peut \u00eatre utile, ainsi que des batteries externes pour un maximum d\u2019autonomie en attendant de r\u00e9ussir \u00e0 mettre en place un point fixe pour recharger les t\u00e9l\u00e9phones (les ravitaillements sont en place sur des lieux de soutien aux alentours).<\/p>\n\n\n\n<p><strong>Avant de venir et sur place, prenez le temps de lire <a href=\"https:\/\/zadducarnet.org\/index.php\/legal-team\/\" target=\"_blank\" rel=\"noreferrer noopener\">les informations de la Legal Team<\/a>.<\/strong><\/p>\n\n\n\n<h2 class=\"wp-block-heading\">Lors de votre arriv\u00e9e<\/h2>\n\n\n\n<p>Nous avons un <a href=\"https:\/\/zadducarnet.org\/index.php\/guide-pour-les-nouveaux-elles-arrivant-es\/\" data-type=\"URL\" data-id=\"https:\/\/zadducarnet.org\/index.php\/guide-pour-les-nouveaux-elles-arrivant-es\/\">guide pour les nouveaux.elles arrivant.es<\/a> qui contient plein d&rsquo;infos sur le fonctionnement de la ZAD. Ce texte est \u00e9galement affich\u00e9 sur les murs du Vortex. N&rsquo;h\u00e9sitez pas \u00e0 dire que vous arrivez, un.e copain.e vous pr\u00e9sentera la zone. <\/p>\n\n\n\n<p>Si vous prenez des photos ou des vid\u00e9os, demandez le consentement de la personne avant de la prendre en photo (m\u00eame de dos). Vous pouvez envoyer vos textes, photos et vid\u00e9os sur <a href=\"mailto:zadducarnet@riseup.net\">zadducarnet[at]riseup.net<\/a> pour que nous puissions les r\u00e9utiliser. Merci !<\/p>\n","protected":false},"excerpt":{"rendered":"<p>Pour venir La zone se trouve \u00e0 30km de Saint Nazaire et \u00e0 40km de Nantes sur la rive sud de la Loire, sur la commune de Saint Viaud. L\u2019adresse exacte est :Lieu dit La P\u00e9hini\u00e8re 44320 Saint Viaud Voir en plein \u00e9cran Venir en voiture \/ covoiturage Covoiturage : Un groupe Facebook a \u00e9t\u00e9 &hellip; <a href=\"https:\/\/zadducarnet.org\/index.php\/venir-nous-rejoindre\/\" class=\"more-link\">Continuer la lecture de <span class=\"screen-reader-text\">Venir nous rejoindre<\/span> <span class=\"meta-nav\">&rarr;<\/span><\/a><\/p>\n","protected":false},"author":1,"featured_media":0,"parent":0,"menu_order":0,"comment_status":"closed","ping_status":"closed","template":"","meta":{"_uag_custom_page_level_css":"","_mc_calendar":[],"footnotes":""},"class_list":["post-11","page","type-page","status-publish","hentry"],"uagb_featured_image_src":{"full":false,"thumbnail":false,"medium":false,"medium_large":false,"large":false,"1536x1536":false,"2048x2048":false,"post-thumbnail":false},"uagb_author_info":{"display_name":"zadducarnet","author_link":"https:\/\/zadducarnet.org\/index.php\/author\/admin8203\/"},"uagb_comment_info":0,"uagb_excerpt":"Pour venir La zone se trouve \u00e0 30km de Saint Nazaire et \u00e0 40km de Nantes sur la rive sud de la Loire, sur la commune de Saint Viaud. L\u2019adresse exacte est :Lieu dit La P\u00e9hini\u00e8re 44320 Saint Viaud Voir en plein \u00e9cran Venir en voiture \/ covoiturage Covoiturage : Un groupe Facebook a \u00e9t\u00e9\u2026","_links":{"self":[{"href":"https:\/\/zadducarnet.org\/index.php\/wp-json\/wp\/v2\/pages\/11","targetHints":{"allow":["GET"]}}],"collection":[{"href":"https:\/\/zadducarnet.org\/index.php\/wp-json\/wp\/v2\/pages"}],"about":[{"href":"https:\/\/zadducarnet.org\/index.php\/wp-json\/wp\/v2\/types\/page"}],"author":[{"embeddable":true,"href":"https:\/\/zadducarnet.org\/index.php\/wp-json\/wp\/v2\/users\/1"}],"replies":[{"embeddable":true,"href":"https:\/\/zadducarnet.org\/index.php\/wp-json\/wp\/v2\/comments?post=11"}],"version-history":[{"count":41,"href":"https:\/\/zadducarnet.org\/index.php\/wp-json\/wp\/v2\/pages\/11\/revisions"}],"predecessor-version":[{"id":2052,"href":"https:\/\/zadducarnet.org\/index.php\/wp-json\/wp\/v2\/pages\/11\/revisions\/2052"}],"wp:attachment":[{"href":"https:\/\/zadducarnet.org\/index.php\/wp-json\/wp\/v2\/media?parent=11"}],"curies":[{"name":"wp","href":"https:\/\/api.w.org\/{rel}","templated":true}]}}